{"id":37444,"date":"2026-03-07T10:53:17","date_gmt":"2026-03-07T09:53:17","guid":{"rendered":"https:\/\/itftkd.sport\/es\/?post_type=tribe_events&#038;p=37444"},"modified":"2026-03-11T21:50:45","modified_gmt":"2026-03-11T20:50:45","slug":"itf-open-talks-kids-harmony-and-inclusion","status":"publish","type":"tribe_events","link":"https:\/\/itftkd.sport\/es\/event\/itf-open-talks-kids-harmony-and-inclusion\/","title":{"rendered":"ITF Open Talks: Desarrollo Infantil, Harmony e Inclusi\u00f3n"},"content":{"rendered":"<div  class=\"tribe-events-schedule tribe-clearfix\" >\n\t<p class=\"tribe-events-schedule__datetime\">\n\t\t<span class=\"tribe-events-schedule__date tribe-events-schedule__date--start\">\n\t\t\tMar 21\t\t<\/span>\n\n\t\t\t\t\t<span class=\"tribe-events-schedule__all-day\">Todo el d\u00eda<\/span>\n\t\t\n\t\t\t<\/p>\n<\/div>\n\n\n<figure class=\"wp-block-post-featured-image\"><img loading=\"lazy\" decoding=\"async\" width=\"800\" height=\"600\" src=\"https:\/\/itftkd.sport\/es\/wp-content\/uploads\/sites\/7\/2026\/03\/20260321_ITFOpenTalks_02.jpg\" class=\"attachment-post-thumbnail size-post-thumbnail wp-post-image\" alt=\"\" style=\"object-fit:cover;\" srcset=\"https:\/\/itftkd.sport\/es\/wp-content\/uploads\/sites\/7\/2026\/03\/20260321_ITFOpenTalks_02.jpg 800w, https:\/\/itftkd.sport\/es\/wp-content\/uploads\/sites\/7\/2026\/03\/20260321_ITFOpenTalks_02-300x225.jpg 300w, https:\/\/itftkd.sport\/es\/wp-content\/uploads\/sites\/7\/2026\/03\/20260321_ITFOpenTalks_02-768x576.jpg 768w, https:\/\/itftkd.sport\/es\/wp-content\/uploads\/sites\/7\/2026\/03\/20260321_ITFOpenTalks_02-550x413.jpg 550w, https:\/\/itftkd.sport\/es\/wp-content\/uploads\/sites\/7\/2026\/03\/20260321_ITFOpenTalks_02-350x263.jpg 350w, https:\/\/itftkd.sport\/es\/wp-content\/uploads\/sites\/7\/2026\/03\/20260321_ITFOpenTalks_02-260x195.jpg 260w\" sizes=\"auto, (max-width: 800px) 100vw, 800px\" \/><\/figure>\n\n\n<p>Tras el \u00e9xito de los seminarios web en l\u00ednea \u201cTaekwon-Do para Todos\u201d en 2025, la ITF da el siguiente paso: ITF Open Talks, un formato virtual para un intercambio informal en el que se podr\u00e1n compartir ideas, experiencias, as\u00ed como dudas y preguntas con toda la comunidad alrededor del mundo.<\/p>\n\n\n\n<p>El primer ITF Open Talk contar\u00e1 con la participaci\u00f3n de los presidentes de tres Comit\u00e9s Permanentes: Maestro Fabi\u00e1n Izquierdo (Desarrollo Infantil), Maestro Gast\u00f3n Casero (Harmony) y Sbn Anabel Vicario (Inclusi\u00f3n).<\/p>\n\n\n\n<p>Fecha: S\u00e1bado, 21 de marzo de 2026<br>Hora: 14:00 UTC<br>Plataforma: Zoom (<a href=\"https:\/\/us06web.zoom.us\/meeting\/register\/saTB4EP_Re2MRYYgmb74Qw\">registro gratuito<\/a>)<\/p>\n\n\n\t<div  class=\"tribe-block tribe-block__events-link\" >\n\t\t<div class=\"tribe-events tribe-common\">\n\t\t\t<div class=\"tribe-events-c-subscribe-dropdown__container\">\n\t\t\t\t<div class=\"tribe-events-c-subscribe-dropdown\">\n\t\t\t\t\t<div class=\"tribe-common-c-btn-border tribe-events-c-subscribe-dropdown__button\">\n\t\t\t\t\t\t<svg\n\t class=\"tribe-common-c-svgicon tribe-common-c-svgicon--cal-export tribe-events-c-subscribe-dropdown__export-icon\" \taria-hidden=\"true\"\n\tviewBox=\"0 0 23 17\"\n\txmlns=\"http:\/\/www.w3.org\/2000\/svg\"\n>\n\t<path fill-rule=\"evenodd\" clip-rule=\"evenodd\" d=\"M.128.896V16.13c0 .211.145.383.323.383h15.354c.179 0 .323-.172.323-.383V.896c0-.212-.144-.383-.323-.383H.451C.273.513.128.684.128.896Zm16 6.742h-.901V4.679H1.009v10.729h14.218v-3.336h.901V7.638ZM1.01 1.614h14.218v2.058H1.009V1.614Z\" \/>\n\t<path d=\"M20.5 9.846H8.312M18.524 6.953l2.89 2.909-2.855 2.855\" stroke-width=\"1.2\" stroke-linecap=\"round\" stroke-linejoin=\"round\"\/>\n<\/svg>\n\t\t\t\t\t\t<button\n\t\t\t\t\t\t\tclass=\"tribe-events-c-subscribe-dropdown__button-text\"\n\t\t\t\t\t\t\taria-expanded=\"false\"\n\t\t\t\t\t\t\taria-controls=\"tribe-events-subscribe-dropdown-content\"\n\t\t\t\t\t\t\taria-label=\"Ver enlaces para a\u00f1adir eventos al calendario\"\n\t\t\t\t\t\t>\n\t\t\t\t\t\t\tA\u00f1adir al calendario\t\t\t\t\t\t<\/button>\n\t\t\t\t\t\t<svg\n\t class=\"tribe-common-c-svgicon tribe-common-c-svgicon--caret-down tribe-events-c-subscribe-dropdown__button-icon\" \taria-hidden=\"true\"\n\tviewBox=\"0 0 10 7\"\n\txmlns=\"http:\/\/www.w3.org\/2000\/svg\"\n>\n\t<path fill-rule=\"evenodd\" clip-rule=\"evenodd\" d=\"M1.008.609L5 4.6 8.992.61l.958.958L5 6.517.05 1.566l.958-.958z\" class=\"tribe-common-c-svgicon__svg-fill\"\/>\n<\/svg>\n\t\t\t\t\t<\/div>\n\t\t\t\t\t<div id=\"tribe-events-subscribe-dropdown-content\" class=\"tribe-events-c-subscribe-dropdown__content\">\n\t\t\t\t\t\t<ul class=\"tribe-events-c-subscribe-dropdown__list\">\n\t\t\t\t\t\t\t\t\t\t\t\t\t\t\t<li class=\"tribe-events-c-subscribe-dropdown__list-item tribe-events-c-subscribe-dropdown__list-item--gcal\">\n\t\t\t\t\t\t\t\t\t<a\n\t\t\t\t\t\t\t\t\t\thref=\"https:\/\/www.google.com\/calendar\/event?action=TEMPLATE&#038;dates=20260321T000000\/20260321T235959&#038;text=ITF%20Open%20Talks%3A%20Desarrollo%20Infantil%2C%20Harmony%20e%20Inclusi%C3%B3n&#038;details=%3Cp%3ETras+el+%C3%A9xito+de+los+seminarios+web+en+l%C3%ADnea+%E2%80%9CTaekwon-Do+para+Todos%E2%80%9D+en+2025%2C+la+ITF+da+el+siguiente+paso%3A+ITF+Open+Talks%2C+un+formato+virtual+para+un+intercambio+informal+en+el+que+se+podr%C3%A1n+compartir+ideas%2C+experiencias%2C+as%C3%AD+como+dudas+y+preguntas+con+toda+la+comunidad+alrededor+del+mundo.%3C%2Fp%3E+%3Cp%3EEl+primer+ITF+Open+Talk+contar%C3%A1+con+la+participaci%C3%B3n+de+los+presidentes+de+tres+Comit%C3%A9s+Permanentes%3A+Maestro+Fabi%C3%A1n+Izquierdo+%28Desarrollo+Infantil%29%2C+Maestro+Gast%C3%B3n+Casero+%28Harmony%29+y+Sbn+Anabel+Vicario+%28Inclusi%C3%B3n%29.%3C%2Fp%3E+%3Cp%3EFecha%3A+S%C3%A1bado%2C+21+de+marzo+de+2026%3Cbr%3EHora%3A+14%3A00+UTC%3Cbr%3EPlataforma%3A+Zoom+%28%3Ca+href%3D%22https%3A%2F%2Fus06web.zoom.us%2Fmeeting%2Fregister%2FsaTB4EP_Re2MRYYgmb74Qw%22%3Eregistro+gratuito%3C%2Fa%3E%29%3C%2Fp%3E+&#038;trp=false&#038;ctz=Europe\/Madrid&#038;sprop=website:https:\/\/itftkd.sport\/es\"\n\t\t\t\t\t\t\t\t\t\tclass=\"tribe-events-c-subscribe-dropdown__list-item-link\"\n\t\t\t\t\t\t\t\t\t\ttarget=\"_blank\"\n\t\t\t\t\t\t\t\t\t\trel=\"noopener noreferrer nofollow noindex\"\n\t\t\t\t\t\t\t\t\t>\n\t\t\t\t\t\t\t\t\t\tGoogle Calendar\t\t\t\t\t\t\t\t\t<\/a>\n\t\t\t\t\t\t\t\t<\/li>\n\t\t\t\t\t\t\t\t\t\t\t\t\t\t\t<li class=\"tribe-events-c-subscribe-dropdown__list-item tribe-events-c-subscribe-dropdown__list-item--ical\">\n\t\t\t\t\t\t\t\t\t<a\n\t\t\t\t\t\t\t\t\t\thref=\"\"\n\t\t\t\t\t\t\t\t\t\tclass=\"tribe-events-c-subscribe-dropdown__list-item-link\"\n\t\t\t\t\t\t\t\t\t\ttarget=\"_blank\"\n\t\t\t\t\t\t\t\t\t\trel=\"noopener noreferrer nofollow noindex\"\n\t\t\t\t\t\t\t\t\t>\n\t\t\t\t\t\t\t\t\t\tiCalendar\t\t\t\t\t\t\t\t\t<\/a>\n\t\t\t\t\t\t\t\t<\/li>\n\t\t\t\t\t\t\t\t\t\t\t\t\t\t\t<li class=\"tribe-events-c-subscribe-dropdown__list-item tribe-events-c-subscribe-dropdown__list-item--outlook-365\">\n\t\t\t\t\t\t\t\t\t<a\n\t\t\t\t\t\t\t\t\t\thref=\"\"\n\t\t\t\t\t\t\t\t\t\tclass=\"tribe-events-c-subscribe-dropdown__list-item-link\"\n\t\t\t\t\t\t\t\t\t\ttarget=\"_blank\"\n\t\t\t\t\t\t\t\t\t\trel=\"noopener noreferrer nofollow noindex\"\n\t\t\t\t\t\t\t\t\t>\n\t\t\t\t\t\t\t\t\t\tOutlook 365\t\t\t\t\t\t\t\t\t<\/a>\n\t\t\t\t\t\t\t\t<\/li>\n\t\t\t\t\t\t\t\t\t\t\t\t\t\t\t<li class=\"tribe-events-c-subscribe-dropdown__list-item tribe-events-c-subscribe-dropdown__list-item--outlook-live\">\n\t\t\t\t\t\t\t\t\t<a\n\t\t\t\t\t\t\t\t\t\thref=\"\"\n\t\t\t\t\t\t\t\t\t\tclass=\"tribe-events-c-subscribe-dropdown__list-item-link\"\n\t\t\t\t\t\t\t\t\t\ttarget=\"_blank\"\n\t\t\t\t\t\t\t\t\t\trel=\"noopener noreferrer nofollow noindex\"\n\t\t\t\t\t\t\t\t\t>\n\t\t\t\t\t\t\t\t\t\tOutlook Live\t\t\t\t\t\t\t\t\t<\/a>\n\t\t\t\t\t\t\t\t<\/li>\n\t\t\t\t\t\t\t\t\t\t\t\t\t<\/ul>\n\t\t\t\t\t<\/div>\n\t\t\t\t<\/div>\n\t\t\t<\/div>\n\t\t<\/div>\n\t<\/div>\n\n\n\n<div  class=\"tribe-events-single-section tribe-events-event-meta primary tribe-clearfix\" >\n\t\n\t\n<div class=\"tribe-events-meta-group tribe-events-meta-group-details\">\n\t<h3 class=\"tribe-events-single-section-title\">\n\t\t\t\t\tDetalles\t\t\n\t<\/h3>\n\t<ul class=\"tribe-events-meta-list\">\n\n\t\t\n\t\t\t<li class=\"tribe-events-meta-item\">\n\t\t\t\t<span class=\"tribe-events-meta-label\">Fecha:<\/span>\n\t\t\t\t<span class=\"tribe-events-meta-value\">\n\t\t\t\t\t<abbr class=\"tribe-events-abbr tribe-events-start-datetime published dtstart\" title=\"2026-03-21\"> Mar 21 <\/abbr>\n\t\t\t\t<\/span>\n\t\t\t<\/li>\n\n\t\t\n\t\t\n\t\t\n\t\t<li class=\"tribe-events-meta-item\"><span class=\"tribe-events-event-categories-label tribe-events-meta-label\">Categor\u00eda de Evento:<\/span> <span class=\"tribe-events-event-categories tribe-events-meta-value\"><a href=\"https:\/\/itftkd.sport\/es\/events\/categoria\/convenciones-y-seminarios-de-la-itf\/\" rel=\"tag\">Convenciones y seminarios de la ITF<\/a><\/span><\/li>\n\t\t\n\t\t\n\t\t\t<\/ul>\n<\/div>\n\t\n\t<\/div>\n\n\n<div  class=\"tribe-block tribe-block__venue tribe-clearfix tribe-block__venue--has-map\" >\n\t\n\t\t\n\t<\/div>\n\n\n","protected":false},"excerpt":{"rendered":"<p>Tras el \u00e9xito de los seminarios web en l\u00ednea \u201cTaekwon-Do para Todos\u201d en 2025, la ITF da el siguiente paso: ITF Open Talks, un formato virtual para un intercambio informal &hellip;<\/p>\n","protected":false},"author":14,"featured_media":37446,"template":"","meta":{"_tec_requires_first_save":false,"_uag_custom_page_level_css":"","_genesis_hide_title":false,"_genesis_hide_breadcrumbs":false,"_genesis_hide_singular_image":false,"_genesis_hide_footer_widgets":false,"_genesis_custom_body_class":"","_genesis_custom_post_class":"","_genesis_layout":"","_EventAllDay":true,"_EventTimezone":"Europe\/Madrid","_EventStartDate":"2026-03-21 00:00:00","_EventEndDate":"2026-03-21 23:59:59","_EventStartDateUTC":"2026-03-20 23:00:00","_EventEndDateUTC":"2026-03-21 22:59:59","_EventShowMap":true,"_EventShowMapLink":true,"_EventURL":"","_EventCost":"","_EventCostDescription":"","_EventCurrencySymbol":"","_EventCurrencyCode":"","_EventCurrencyPosition":"","_EventDateTimeSeparator":"","_EventTimeRangeSeparator":"","_EventOrganizerID":[],"_EventVenueID":[],"_OrganizerEmail":"","_OrganizerPhone":"","_OrganizerWebsite":"","_VenueAddress":"","_VenueCity":"","_VenueCountry":"","_VenueProvince":"","_VenueState":"","_VenueZip":"","_VenuePhone":"","_VenueURL":"","_VenueStateProvince":"","_VenueLat":"","_VenueLng":"","_VenueShowMap":false,"_VenueShowMapLink":false,"_tribe_blocks_recurrence_rules":"","_tribe_blocks_recurrence_description":"","_tribe_blocks_recurrence_exclusions":"","_tribe_events_status":"","_tribe_events_status_reason":"","editor_notices":[],"_tribe_events_is_hybrid":"","_tribe_events_is_virtual":"","_tribe_events_virtual_video_source":"","_tribe_events_virtual_embed_video":"","_tribe_events_virtual_linked_button_text":"","_tribe_events_virtual_linked_button":"","_tribe_events_virtual_show_embed_at":"","_tribe_events_virtual_show_embed_to":[],"_tribe_events_virtual_show_on_event":"","_tribe_events_virtual_show_on_views":"","_tribe_events_virtual_url":"","footnotes":""},"tags":[],"tribe_events_cat":[581],"class_list":["post-37444","tribe_events","type-tribe_events","status-publish","has-post-thumbnail","tribe_events_cat-convenciones-y-seminarios-de-la-itf","cat_convenciones-y-seminarios-de-la-itf","entry"],"uagb_featured_image_src":{"full":["https:\/\/itftkd.sport\/es\/wp-content\/uploads\/sites\/7\/2026\/03\/20260321_ITFOpenTalks_02.jpg",800,600,false],"thumbnail":["https:\/\/itftkd.sport\/es\/wp-content\/uploads\/sites\/7\/2026\/03\/20260321_ITFOpenTalks_02-150x150.jpg",150,150,true],"medium":["https:\/\/itftkd.sport\/es\/wp-content\/uploads\/sites\/7\/2026\/03\/20260321_ITFOpenTalks_02-300x225.jpg",300,225,true],"medium_large":["https:\/\/itftkd.sport\/es\/wp-content\/uploads\/sites\/7\/2026\/03\/20260321_ITFOpenTalks_02-768x576.jpg",768,576,true],"large":["https:\/\/itftkd.sport\/es\/wp-content\/uploads\/sites\/7\/2026\/03\/20260321_ITFOpenTalks_02.jpg",800,600,false],"1536x1536":["https:\/\/itftkd.sport\/es\/wp-content\/uploads\/sites\/7\/2026\/03\/20260321_ITFOpenTalks_02.jpg",800,600,false],"2048x2048":["https:\/\/itftkd.sport\/es\/wp-content\/uploads\/sites\/7\/2026\/03\/20260321_ITFOpenTalks_02.jpg",800,600,false],"banner":["https:\/\/itftkd.sport\/es\/wp-content\/uploads\/sites\/7\/2026\/03\/20260321_ITFOpenTalks_02-800x533.jpg",800,533,true],"section":["https:\/\/itftkd.sport\/es\/wp-content\/uploads\/sites\/7\/2026\/03\/20260321_ITFOpenTalks_02.jpg",800,600,false],"full-width":["https:\/\/itftkd.sport\/es\/wp-content\/uploads\/sites\/7\/2026\/03\/20260321_ITFOpenTalks_02.jpg",800,600,false],"featured":["https:\/\/itftkd.sport\/es\/wp-content\/uploads\/sites\/7\/2026\/03\/20260321_ITFOpenTalks_02.jpg",800,600,false],"one-half":["https:\/\/itftkd.sport\/es\/wp-content\/uploads\/sites\/7\/2026\/03\/20260321_ITFOpenTalks_02-550x413.jpg",550,413,true],"one-third":["https:\/\/itftkd.sport\/es\/wp-content\/uploads\/sites\/7\/2026\/03\/20260321_ITFOpenTalks_02-350x263.jpg",350,263,true],"one-fourth":["https:\/\/itftkd.sport\/es\/wp-content\/uploads\/sites\/7\/2026\/03\/20260321_ITFOpenTalks_02-260x195.jpg",260,195,true],"tiny":["https:\/\/itftkd.sport\/es\/wp-content\/uploads\/sites\/7\/2026\/03\/20260321_ITFOpenTalks_02-80x80.jpg",80,80,true],"ab-block-post-grid-landscape":["https:\/\/itftkd.sport\/es\/wp-content\/uploads\/sites\/7\/2026\/03\/20260321_ITFOpenTalks_02-600x400.jpg",600,400,true],"ab-block-post-grid-square":["https:\/\/itftkd.sport\/es\/wp-content\/uploads\/sites\/7\/2026\/03\/20260321_ITFOpenTalks_02-600x600.jpg",600,600,true],"gform-image-choice-sm":["https:\/\/itftkd.sport\/es\/wp-content\/uploads\/sites\/7\/2026\/03\/20260321_ITFOpenTalks_02.jpg",300,225,false],"gform-image-choice-md":["https:\/\/itftkd.sport\/es\/wp-content\/uploads\/sites\/7\/2026\/03\/20260321_ITFOpenTalks_02.jpg",400,300,false],"gform-image-choice-lg":["https:\/\/itftkd.sport\/es\/wp-content\/uploads\/sites\/7\/2026\/03\/20260321_ITFOpenTalks_02.jpg",600,450,false]},"uagb_author_info":{"display_name":"Daniel Schmidt","author_link":"https:\/\/itftkd.sport\/es\/author\/daniel\/"},"uagb_comment_info":0,"uagb_excerpt":"Tras el \u00e9xito de los seminarios web en l\u00ednea \u201cTaekwon-Do para Todos\u201d en 2025, la ITF da el siguiente paso: ITF Open Talks, un formato virtual para un intercambio informal &hellip;","_links":{"self":[{"href":"https:\/\/itftkd.sport\/es\/wp-json\/wp\/v2\/tribe_events\/37444","targetHints":{"allow":["GET"]}}],"collection":[{"href":"https:\/\/itftkd.sport\/es\/wp-json\/wp\/v2\/tribe_events"}],"about":[{"href":"https:\/\/itftkd.sport\/es\/wp-json\/wp\/v2\/types\/tribe_events"}],"author":[{"embeddable":true,"href":"https:\/\/itftkd.sport\/es\/wp-json\/wp\/v2\/users\/14"}],"version-history":[{"count":5,"href":"https:\/\/itftkd.sport\/es\/wp-json\/wp\/v2\/tribe_events\/37444\/revisions"}],"predecessor-version":[{"id":37467,"href":"https:\/\/itftkd.sport\/es\/wp-json\/wp\/v2\/tribe_events\/37444\/revisions\/37467"}],"wp:featuredmedia":[{"embeddable":true,"href":"https:\/\/itftkd.sport\/es\/wp-json\/wp\/v2\/media\/37446"}],"wp:attachment":[{"href":"https:\/\/itftkd.sport\/es\/wp-json\/wp\/v2\/media?parent=37444"}],"wp:term":[{"taxonomy":"post_tag","embeddable":true,"href":"https:\/\/itftkd.sport\/es\/wp-json\/wp\/v2\/tags?post=37444"},{"taxonomy":"tribe_events_cat","embeddable":true,"href":"https:\/\/itftkd.sport\/es\/wp-json\/wp\/v2\/tribe_events_cat?post=37444"}],"curies":[{"name":"wp","href":"https:\/\/api.w.org\/{rel}","templated":true}]}}