{"id":32958,"date":"2025-10-31T15:01:10","date_gmt":"2025-10-31T14:01:10","guid":{"rendered":"https:\/\/itftkd.sport\/es\/?post_type=tribe_events&#038;p=32958"},"modified":"2025-10-31T15:01:39","modified_gmt":"2025-10-31T14:01:39","slug":"2026-quic-canada","status":"publish","type":"tribe_events","link":"https:\/\/itftkd.sport\/es\/event\/2026-quic-canada\/","title":{"rendered":"2026 QUIC CANADA"},"content":{"rendered":"<div  class=\"tribe-events-schedule tribe-clearfix\" >\n\t<p class=\"tribe-events-schedule__datetime\">\n\t\t<span class=\"tribe-events-schedule__date tribe-events-schedule__date--start\">\n\t\t\tJun 6\t\t<\/span>\n\n\t\t\n\t\t\t\t\t\t\t\t\t<span class=\"tribe-events-schedule__separator tribe-events-schedule__separator--time\">\n\t\t\t\t\t &#8211; \t\t\t\t<\/span>\n\t\t\t\n\t\t\t\t\t\t\t<span class=\"tribe-events-schedule__date tribe-events-schedule__date--end\">\n\t\t\t\t\tJun 7\t\t\t\t<\/span>\n\n\t\t\t\t\n\t\t\t\n\t\t\t\t\t\t<\/p>\n<\/div>\n\n\n\n<p>Estimados Grandes Maestros, Maestros, Instructores y Alumnos:<br><br>El Comit\u00e9 de \u00c1rbitros de la CTFI, en colaboraci\u00f3n con la \u00c9cole Citadelle de Taekwon-Do, tiene el privilegio de invitarlos al 52\u00ba Curso Internacional de \u00c1rbitros (IUC), que se celebrar\u00e1 en la ciudad de Quebec, Canad\u00e1, el s\u00e1bado 6 y el domingo 7 de junio de 2026.<br><br><strong>El curso ser\u00e1 dirigido por:<\/strong><br>Gran Maestro Abelardo Benzaquen IX \u2013 Presidente del Comit\u00e9 de \u00c1rbitros de la ITF (Argentina)<br>Gran Maestro Rub\u00e9n Su\u00e1rez IX \u2013 Miembro del Comit\u00e9 de \u00c1rbitros de la ITF (EE. UU.)<br>Maestro Kurt Ottesen VIII \u2013 Miembro del Comit\u00e9 de \u00c1rbitros de la ITF (Canad\u00e1)<br><br><strong>Invitados especiales:<\/strong><br>Gran Maestro Clint Norman IX \u2013 Vicepresidente s\u00e9nior de la ITF<br>Gran Maestro Pierre Laquerre IX \u2013 Miembro del Comit\u00e9 T\u00e9cnico de la ITF<\/p>\n\n\n\n<p><strong>Lugar:<\/strong><br>Coll\u00e8ge Stanislas<br>1605 Chemin Sainte-Foy<br>Qu\u00e9bec, QC G1S 4A1<br><br>La fecha l\u00edmite para inscribirse es el <strong><mark class=\"has-inline-color has-vivid-red-color\">15 de mayo de 2026.<\/mark><\/strong><br><br>Para obtener m\u00e1s informaci\u00f3n o asistencia, p\u00f3ngase en contacto con nosotros en el 604-760-0291 o por correo electr\u00f3nico en ctfiumpirecommittee@gmail.com.<\/p>\n\n\n\n<p>Esperamos darle la bienvenida en la ciudad de Quebec para este prestigioso evento.<\/p>\n\n\n<div class=\"wp-block-image\">\n<figure class=\"aligncenter size-full\"><img loading=\"lazy\" decoding=\"async\" width=\"606\" height=\"936\" src=\"https:\/\/itftkd.sport\/wp-content\/uploads\/sites\/7\/2025\/10\/poster.jpg\" alt=\"\" class=\"wp-image-32957\" srcset=\"https:\/\/itftkd.sport\/es\/wp-content\/uploads\/sites\/7\/2025\/10\/poster.jpg 606w, https:\/\/itftkd.sport\/es\/wp-content\/uploads\/sites\/7\/2025\/10\/poster-194x300.jpg 194w\" sizes=\"auto, (max-width: 606px) 100vw, 606px\" \/><\/figure>\n<\/div>\n\n\n\n\n\n<div  class=\"tribe-block tribe-block__event-price\" >\n\t\t<\/div>\n\n\n\n\n<div  class=\"tribe-block tribe-block__venue tribe-clearfix tribe-block__venue--has-map\" >\n\t\n\t\t\n\t<\/div>\n\n\n\n\n\t<div  class=\"tribe-block tribe-block__events-link\" >\n\t\t<div class=\"tribe-events tribe-common\">\n\t\t\t<div class=\"tribe-events-c-subscribe-dropdown__container\">\n\t\t\t\t<div class=\"tribe-events-c-subscribe-dropdown\">\n\t\t\t\t\t<div class=\"tribe-common-c-btn-border tribe-events-c-subscribe-dropdown__button\">\n\t\t\t\t\t\t<svg\n\t class=\"tribe-common-c-svgicon tribe-common-c-svgicon--cal-export tribe-events-c-subscribe-dropdown__export-icon\" \taria-hidden=\"true\"\n\tviewBox=\"0 0 23 17\"\n\txmlns=\"http:\/\/www.w3.org\/2000\/svg\"\n>\n\t<path fill-rule=\"evenodd\" clip-rule=\"evenodd\" d=\"M.128.896V16.13c0 .211.145.383.323.383h15.354c.179 0 .323-.172.323-.383V.896c0-.212-.144-.383-.323-.383H.451C.273.513.128.684.128.896Zm16 6.742h-.901V4.679H1.009v10.729h14.218v-3.336h.901V7.638ZM1.01 1.614h14.218v2.058H1.009V1.614Z\" \/>\n\t<path d=\"M20.5 9.846H8.312M18.524 6.953l2.89 2.909-2.855 2.855\" stroke-width=\"1.2\" stroke-linecap=\"round\" stroke-linejoin=\"round\"\/>\n<\/svg>\n\t\t\t\t\t\t<button\n\t\t\t\t\t\t\tclass=\"tribe-events-c-subscribe-dropdown__button-text\"\n\t\t\t\t\t\t\taria-expanded=\"false\"\n\t\t\t\t\t\t\taria-controls=\"tribe-events-subscribe-dropdown-content\"\n\t\t\t\t\t\t\taria-label=\"Ver enlaces para a\u00f1adir eventos al calendario\"\n\t\t\t\t\t\t>\n\t\t\t\t\t\t\tA\u00f1adir al calendario\t\t\t\t\t\t<\/button>\n\t\t\t\t\t\t<svg\n\t class=\"tribe-common-c-svgicon tribe-common-c-svgicon--caret-down tribe-events-c-subscribe-dropdown__button-icon\" \taria-hidden=\"true\"\n\tviewBox=\"0 0 10 7\"\n\txmlns=\"http:\/\/www.w3.org\/2000\/svg\"\n>\n\t<path fill-rule=\"evenodd\" clip-rule=\"evenodd\" d=\"M1.008.609L5 4.6 8.992.61l.958.958L5 6.517.05 1.566l.958-.958z\" class=\"tribe-common-c-svgicon__svg-fill\"\/>\n<\/svg>\n\t\t\t\t\t<\/div>\n\t\t\t\t\t<div id=\"tribe-events-subscribe-dropdown-content\" class=\"tribe-events-c-subscribe-dropdown__content\">\n\t\t\t\t\t\t<ul class=\"tribe-events-c-subscribe-dropdown__list\">\n\t\t\t\t\t\t\t\t\t\t\t\t\t\t\t<li class=\"tribe-events-c-subscribe-dropdown__list-item tribe-events-c-subscribe-dropdown__list-item--gcal\">\n\t\t\t\t\t\t\t\t\t<a\n\t\t\t\t\t\t\t\t\t\thref=\"https:\/\/www.google.com\/calendar\/event?action=TEMPLATE&#038;dates=20260606T000000\/20260607T235959&#038;text=2026%20QUIC%20CANADA&#038;details=%3Cp%3EEstimados+Grandes+Maestros%2C+Maestros%2C+Instructores+y+Alumnos%3A%3Cbr+%2F%3E%3Cbr+%2F%3EEl+Comit%C3%A9+de+%C3%81rbitros+de+la+CTFI%2C+en+colaboraci%C3%B3n+con+la+%C3%89cole+Citadelle+de+Taekwon-Do%2C+tiene+el+privilegio+de+invitarlos+al+52%C2%BA+Curso+Internacional+de+%C3%81rbitros+%28IUC%29%2C+que+se+celebrar%C3%A1+en+la+ciudad+de+Quebec%2C+Canad%C3%A1%2C+el+s%C3%A1bado+6+y+el+domingo+7+de+junio+de+2026.%3Cbr+%2F%3E%3Cbr+%2F%3E%3Cstrong%3EEl+curso+ser%C3%A1+dirigido+por%3A%3C%2Fstrong%3E%3Cbr+%2F%3EGran+Maestro+Abelardo+Benzaquen+IX+%E2%80%93+Presidente+del+Comit%C3%A9+de+%C3%81rbitros+de+la+ITF+%28Argentina%29%3Cbr+%2F%3EGran+Maestro+Rub%C3%A9n+Su%C3%A1rez+IX+%E2%80%93+Miembro+del+Comit%C3%A9+de+%C3%81rbitros+de+la+ITF+%28EE.+UU.%29%3Cbr+%2F%3EMaestro+Kurt+Ottesen+VIII+%E2%80%93+Miembro+del+Comit%C3%A9+de+%C3%81rbitros+de+la+ITF+%28Canad%C3%A1%29%3Cbr+%2F%3E%3Cbr+%2F%3E%3Cstrong%3EInvitados+especiales%3A%3C%2Fstrong%3E%3Cbr+%2F%3EGran+Maestro+Clint+Norman+IX+%E2%80%93+Vicepresidente+s%C3%A9nior+de+la+ITF%3Cbr+%2F%3EGran+Maestro+Pierre+Laquerre+IX+%E2%80%93+Miembro+del+Comit%C3%A9+T%C3%A9cnico+de+la+ITF%3C%2Fp%3E+%3Cp%3E%3Cstrong%3ELugar%3A%3C%2Fstrong%3E%3Cbr+%2F%3EColl%C3%A8ge+Stanislas%3Cbr+%2F%3E1605+Chemin+Sainte-Foy%3Cbr+%2F%3EQu%C3%A9bec%2C+QC+G1S+4A1%3Cbr+%2F%3E%3Cbr+%2F%3ELa+fecha+l%C3%ADmi%3C%2Fp%3E+%28Ver+aqu%C3%AD+la+descripci%C3%B3n+completa+de+evento%3A+https%3A%2F%2Fitftkd.sport%2Fes%2Fevent%2F2026-quic-canada%2F%29&#038;trp=false&#038;ctz=Europe\/Madrid&#038;sprop=website:https:\/\/itftkd.sport\/es\"\n\t\t\t\t\t\t\t\t\t\tclass=\"tribe-events-c-subscribe-dropdown__list-item-link\"\n\t\t\t\t\t\t\t\t\t\ttarget=\"_blank\"\n\t\t\t\t\t\t\t\t\t\trel=\"noopener noreferrer nofollow noindex\"\n\t\t\t\t\t\t\t\t\t>\n\t\t\t\t\t\t\t\t\t\tGoogle Calendar\t\t\t\t\t\t\t\t\t<\/a>\n\t\t\t\t\t\t\t\t<\/li>\n\t\t\t\t\t\t\t\t\t\t\t\t\t\t\t<li class=\"tribe-events-c-subscribe-dropdown__list-item tribe-events-c-subscribe-dropdown__list-item--ical\">\n\t\t\t\t\t\t\t\t\t<a\n\t\t\t\t\t\t\t\t\t\thref=\"\"\n\t\t\t\t\t\t\t\t\t\tclass=\"tribe-events-c-subscribe-dropdown__list-item-link\"\n\t\t\t\t\t\t\t\t\t\ttarget=\"_blank\"\n\t\t\t\t\t\t\t\t\t\trel=\"noopener noreferrer nofollow noindex\"\n\t\t\t\t\t\t\t\t\t>\n\t\t\t\t\t\t\t\t\t\tiCalendar\t\t\t\t\t\t\t\t\t<\/a>\n\t\t\t\t\t\t\t\t<\/li>\n\t\t\t\t\t\t\t\t\t\t\t\t\t\t\t<li class=\"tribe-events-c-subscribe-dropdown__list-item tribe-events-c-subscribe-dropdown__list-item--outlook-365\">\n\t\t\t\t\t\t\t\t\t<a\n\t\t\t\t\t\t\t\t\t\thref=\"\"\n\t\t\t\t\t\t\t\t\t\tclass=\"tribe-events-c-subscribe-dropdown__list-item-link\"\n\t\t\t\t\t\t\t\t\t\ttarget=\"_blank\"\n\t\t\t\t\t\t\t\t\t\trel=\"noopener noreferrer nofollow noindex\"\n\t\t\t\t\t\t\t\t\t>\n\t\t\t\t\t\t\t\t\t\tOutlook 365\t\t\t\t\t\t\t\t\t<\/a>\n\t\t\t\t\t\t\t\t<\/li>\n\t\t\t\t\t\t\t\t\t\t\t\t\t\t\t<li class=\"tribe-events-c-subscribe-dropdown__list-item tribe-events-c-subscribe-dropdown__list-item--outlook-live\">\n\t\t\t\t\t\t\t\t\t<a\n\t\t\t\t\t\t\t\t\t\thref=\"\"\n\t\t\t\t\t\t\t\t\t\tclass=\"tribe-events-c-subscribe-dropdown__list-item-link\"\n\t\t\t\t\t\t\t\t\t\ttarget=\"_blank\"\n\t\t\t\t\t\t\t\t\t\trel=\"noopener noreferrer nofollow noindex\"\n\t\t\t\t\t\t\t\t\t>\n\t\t\t\t\t\t\t\t\t\tOutlook Live\t\t\t\t\t\t\t\t\t<\/a>\n\t\t\t\t\t\t\t\t<\/li>\n\t\t\t\t\t\t\t\t\t\t\t\t\t<\/ul>\n\t\t\t\t\t<\/div>\n\t\t\t\t<\/div>\n\t\t\t<\/div>\n\t\t<\/div>\n\t<\/div>\n\n\n\n<h2 class=\"tribe-block__related-events__title\">Eventos Relacionados<\/h2>\n\n<ul  class=\"tribe-related-events tribe-clearfix\" >\n\t\t\t<li>\n\t\n<div class=\"tribe-related-events-thumbnail\">\n\t<a href=\"https:\/\/itftkd.sport\/es\/event\/iuc-ciudad-de-guatemala\/\" class=\"url\" rel=\"bookmark\" tabindex=\"-1\" aria-hidden=\"true\"><img loading=\"lazy\" decoding=\"async\" width=\"1024\" height=\"768\" src=\"https:\/\/itftkd.sport\/es\/wp-content\/uploads\/sites\/7\/2026\/02\/IUC-2026-800X600-01-1024x768.jpg\" class=\"attachment-large size-large wp-post-image\" alt=\"Featured Image IUC 2026\" \/><\/a>\n<\/div>\n\t<div class=\"tribe-related-event-info\">\n\t<h3 class=\"tribe-related-events-title\">\n\t\t<a href=\"https:\/\/itftkd.sport\/es\/event\/iuc-ciudad-de-guatemala\/\" class=\"tribe-event-url\" rel=\"bookmark\">\n\t\t\tIUC ciudad de Guatemala\t\t<\/a>\n\t<\/h3>\n\t<span class=\"tribe-event-date-start\">May 24 8:00 am<\/span> &#8211; <span class=\"tribe-event-date-end\">May 27 5:00 pm<\/span><\/div>\n<\/li>\n\t\t\t<li>\n\t\n<div class=\"tribe-related-events-thumbnail\">\n\t<a href=\"https:\/\/itftkd.sport\/es\/event\/iuc53-lima-peru\/\" class=\"url\" rel=\"bookmark\" tabindex=\"-1\" aria-hidden=\"true\"><img loading=\"lazy\" decoding=\"async\" width=\"801\" height=\"600\" src=\"https:\/\/itftkd.sport\/es\/wp-content\/uploads\/sites\/7\/2026\/01\/20260621_IUC_Peru_feature.jpg\" class=\"attachment-large size-large wp-post-image\" alt=\"\" \/><\/a>\n<\/div>\n\t<div class=\"tribe-related-event-info\">\n\t<h3 class=\"tribe-related-events-title\">\n\t\t<a href=\"https:\/\/itftkd.sport\/es\/event\/iuc53-lima-peru\/\" class=\"tribe-event-url\" rel=\"bookmark\">\n\t\t\tIUC53 Lima, Peru\t\t<\/a>\n\t<\/h3>\n\t<span class=\"tribe-event-date-start\">Jun 21<\/span> &#8211; <span class=\"tribe-event-date-end\">Jun 22<\/span><\/div>\n<\/li>\n\t<\/ul>\n","protected":false},"excerpt":{"rendered":"<p>Estimados Grandes Maestros, Maestros, Instructores y Alumnos: El Comit\u00e9 de \u00c1rbitros de la CTFI, en colaboraci\u00f3n con la \u00c9cole Citadelle de Taekwon-Do, tiene el privilegio de invitarlos al 52\u00ba Curso &hellip;<\/p>\n","protected":false},"author":10,"featured_media":32959,"template":"","meta":{"_tec_requires_first_save":false,"_uag_custom_page_level_css":"","_genesis_hide_title":false,"_genesis_hide_breadcrumbs":false,"_genesis_hide_singular_image":false,"_genesis_hide_footer_widgets":false,"_genesis_custom_body_class":"","_genesis_custom_post_class":"","_genesis_layout":"","_EventAllDay":true,"_EventTimezone":"Europe\/Madrid","_EventStartDate":"2026-06-06 00:00:00","_EventEndDate":"2026-06-07 23:59:59","_EventStartDateUTC":"2026-06-05 22:00:00","_EventEndDateUTC":"2026-06-07 21:59:59","_EventShowMap":true,"_EventShowMapLink":true,"_EventURL":"","_EventCost":"","_EventCostDescription":"","_EventCurrencySymbol":"","_EventCurrencyCode":"","_EventCurrencyPosition":"","_EventDateTimeSeparator":"","_EventTimeRangeSeparator":"","_EventOrganizerID":[],"_EventVenueID":[],"_OrganizerEmail":"","_OrganizerPhone":"","_OrganizerWebsite":"","_VenueAddress":"","_VenueCity":"","_VenueCountry":"","_VenueProvince":"","_VenueState":"","_VenueZip":"","_VenuePhone":"","_VenueURL":"","_VenueStateProvince":"","_VenueLat":"","_VenueLng":"","_VenueShowMap":false,"_VenueShowMapLink":false,"_tribe_blocks_recurrence_rules":"","_tribe_blocks_recurrence_description":"","_tribe_blocks_recurrence_exclusions":"","_tribe_events_status":"","_tribe_events_status_reason":"","editor_notices":[],"_tribe_events_is_hybrid":"","_tribe_events_is_virtual":"","_tribe_events_virtual_video_source":"","_tribe_events_virtual_embed_video":"","_tribe_events_virtual_linked_button_text":"","_tribe_events_virtual_linked_button":"","_tribe_events_virtual_show_embed_at":"","_tribe_events_virtual_show_embed_to":[],"_tribe_events_virtual_show_on_event":"","_tribe_events_virtual_show_on_views":"","_tribe_events_virtual_url":"","footnotes":""},"tags":[],"tribe_events_cat":[16],"class_list":["post-32958","tribe_events","type-tribe_events","status-publish","has-post-thumbnail","tribe_events_cat-international-umpire-course","cat_international-umpire-course","entry"],"uagb_featured_image_src":{"full":["https:\/\/itftkd.sport\/es\/wp-content\/uploads\/sites\/7\/2025\/10\/Featured-IUC-Canada-2026.jpg",800,600,false],"thumbnail":["https:\/\/itftkd.sport\/es\/wp-content\/uploads\/sites\/7\/2025\/10\/Featured-IUC-Canada-2026-150x150.jpg",150,150,true],"medium":["https:\/\/itftkd.sport\/es\/wp-content\/uploads\/sites\/7\/2025\/10\/Featured-IUC-Canada-2026-300x225.jpg",300,225,true],"medium_large":["https:\/\/itftkd.sport\/es\/wp-content\/uploads\/sites\/7\/2025\/10\/Featured-IUC-Canada-2026-768x576.jpg",768,576,true],"large":["https:\/\/itftkd.sport\/es\/wp-content\/uploads\/sites\/7\/2025\/10\/Featured-IUC-Canada-2026.jpg",800,600,false],"1536x1536":["https:\/\/itftkd.sport\/es\/wp-content\/uploads\/sites\/7\/2025\/10\/Featured-IUC-Canada-2026.jpg",800,600,false],"2048x2048":["https:\/\/itftkd.sport\/es\/wp-content\/uploads\/sites\/7\/2025\/10\/Featured-IUC-Canada-2026.jpg",800,600,false],"banner":["https:\/\/itftkd.sport\/es\/wp-content\/uploads\/sites\/7\/2025\/10\/Featured-IUC-Canada-2026-800x533.jpg",800,533,true],"section":["https:\/\/itftkd.sport\/es\/wp-content\/uploads\/sites\/7\/2025\/10\/Featured-IUC-Canada-2026.jpg",800,600,false],"full-width":["https:\/\/itftkd.sport\/es\/wp-content\/uploads\/sites\/7\/2025\/10\/Featured-IUC-Canada-2026.jpg",800,600,false],"featured":["https:\/\/itftkd.sport\/es\/wp-content\/uploads\/sites\/7\/2025\/10\/Featured-IUC-Canada-2026.jpg",800,600,false],"one-half":["https:\/\/itftkd.sport\/es\/wp-content\/uploads\/sites\/7\/2025\/10\/Featured-IUC-Canada-2026-550x413.jpg",550,413,true],"one-third":["https:\/\/itftkd.sport\/es\/wp-content\/uploads\/sites\/7\/2025\/10\/Featured-IUC-Canada-2026-350x263.jpg",350,263,true],"one-fourth":["https:\/\/itftkd.sport\/es\/wp-content\/uploads\/sites\/7\/2025\/10\/Featured-IUC-Canada-2026-260x195.jpg",260,195,true],"tiny":["https:\/\/itftkd.sport\/es\/wp-content\/uploads\/sites\/7\/2025\/10\/Featured-IUC-Canada-2026-80x80.jpg",80,80,true],"ab-block-post-grid-landscape":["https:\/\/itftkd.sport\/es\/wp-content\/uploads\/sites\/7\/2025\/10\/Featured-IUC-Canada-2026-600x400.jpg",600,400,true],"ab-block-post-grid-square":["https:\/\/itftkd.sport\/es\/wp-content\/uploads\/sites\/7\/2025\/10\/Featured-IUC-Canada-2026-600x600.jpg",600,600,true],"gform-image-choice-sm":["https:\/\/itftkd.sport\/es\/wp-content\/uploads\/sites\/7\/2025\/10\/Featured-IUC-Canada-2026.jpg",300,225,false],"gform-image-choice-md":["https:\/\/itftkd.sport\/es\/wp-content\/uploads\/sites\/7\/2025\/10\/Featured-IUC-Canada-2026.jpg",400,300,false],"gform-image-choice-lg":["https:\/\/itftkd.sport\/es\/wp-content\/uploads\/sites\/7\/2025\/10\/Featured-IUC-Canada-2026.jpg",600,450,false]},"uagb_author_info":{"display_name":"ivan","author_link":"https:\/\/itftkd.sport\/es\/author\/ivan\/"},"uagb_comment_info":0,"uagb_excerpt":"Estimados Grandes Maestros, Maestros, Instructores y Alumnos: El Comit\u00e9 de \u00c1rbitros de la CTFI, en colaboraci\u00f3n con la \u00c9cole Citadelle de Taekwon-Do, tiene el privilegio de invitarlos al 52\u00ba Curso &hellip;","_links":{"self":[{"href":"https:\/\/itftkd.sport\/es\/wp-json\/wp\/v2\/tribe_events\/32958","targetHints":{"allow":["GET"]}}],"collection":[{"href":"https:\/\/itftkd.sport\/es\/wp-json\/wp\/v2\/tribe_events"}],"about":[{"href":"https:\/\/itftkd.sport\/es\/wp-json\/wp\/v2\/types\/tribe_events"}],"author":[{"embeddable":true,"href":"https:\/\/itftkd.sport\/es\/wp-json\/wp\/v2\/users\/10"}],"version-history":[{"count":2,"href":"https:\/\/itftkd.sport\/es\/wp-json\/wp\/v2\/tribe_events\/32958\/revisions"}],"predecessor-version":[{"id":32961,"href":"https:\/\/itftkd.sport\/es\/wp-json\/wp\/v2\/tribe_events\/32958\/revisions\/32961"}],"wp:featuredmedia":[{"embeddable":true,"href":"https:\/\/itftkd.sport\/es\/wp-json\/wp\/v2\/media\/32959"}],"wp:attachment":[{"href":"https:\/\/itftkd.sport\/es\/wp-json\/wp\/v2\/media?parent=32958"}],"wp:term":[{"taxonomy":"post_tag","embeddable":true,"href":"https:\/\/itftkd.sport\/es\/wp-json\/wp\/v2\/tags?post=32958"},{"taxonomy":"tribe_events_cat","embeddable":true,"href":"https:\/\/itftkd.sport\/es\/wp-json\/wp\/v2\/tribe_events_cat?post=32958"}],"curies":[{"name":"wp","href":"https:\/\/api.w.org\/{rel}","templated":true}]}}