{"id":25537,"date":"2021-05-29T16:08:34","date_gmt":"2021-05-29T14:08:34","guid":{"rendered":"https:\/\/itftkd.sport\/es\/?post_type=tribe_events&#038;p=25537"},"modified":"2021-08-17T13:30:31","modified_gmt":"2021-08-17T11:30:31","slug":"149o-iic-lublin-polonia-2","status":"publish","type":"tribe_events","link":"https:\/\/itftkd.sport\/es\/event\/149o-iic-lublin-polonia-2\/","title":{"rendered":"149\u00ba IIC &#8211; Lublin, Polonia"},"content":{"rendered":"<div  class=\"tribe-events-schedule tribe-clearfix\" >\n\t<p class=\"tribe-events-schedule__datetime\">\n\t\t<span class=\"tribe-events-schedule__date tribe-events-schedule__date--start\">\n\t\t\tseptiembre 10, 2021\t\t<\/span>\n\n\t\t\t\t\t<span class=\"tribe-events-schedule__separator tribe-events-schedule__separator--date\">\n\t\t\t\t @ \t\t\t<\/span>\n\t\t\t<span class=\"tribe-events-schedule__time tribe-events-schedule__time--start\">\n\t\t\t\t9:00 am\t\t\t<\/span>\n\t\t\n\t\t\t\t\t\t\t\t\t<span class=\"tribe-events-schedule__separator tribe-events-schedule__separator--time\">\n\t\t\t\t\t &#8211; \t\t\t\t<\/span>\n\t\t\t\n\t\t\t\t\t\t\t<span class=\"tribe-events-schedule__date tribe-events-schedule__date--end\">\n\t\t\t\t\tseptiembre 12, 2021\t\t\t\t<\/span>\n\n\t\t\t\t\t\t\t\t\t<span class=\"tribe-events-schedule__separator tribe-events-schedule__separator--date\">\n\t\t\t\t\t\t @ \t\t\t\t\t<\/span>\n\t\t\t\t\t<span class=\"tribe-events-schedule__time tribe-events-schedule__time--end\">\n\t\t\t\t\t\t6:00 pm\t\t\t\t\t<\/span>\n\t\t\t\t\n\t\t\t\n\t\t\t\t\t\t<\/p>\n<\/div>\n\n\n\n<p>La Asociaci\u00f3n Polaca de Taekwon-Do tiene el honor de ser la anfitriona del <strong>149 \u00b0 Curso Internacional de Instructores<\/strong>, que se llevar\u00e1 a cabo del <strong>10 al 12 de septiembre de 2021<\/strong> en el Sporthall de Zdzislawa Niedziela, Zygmuntowskie Allee 4, Lublin, Polonia.<\/p>\n\n\n\n<div class=\"wp-block-image\"><figure class=\"alignright size-large is-resized\"><img loading=\"lazy\" decoding=\"async\" src=\"https:\/\/itftkd.sport\/es\/wp-content\/uploads\/sites\/7\/2021\/05\/Poster-149th-IIC-Lublin-Poland-726x1024-1.jpg\" alt=\"Poster-149th-IIC-Lublin-Poland-726x1024\" class=\"wp-image-25538\" width=\"317\" height=\"447\" srcset=\"https:\/\/itftkd.sport\/es\/wp-content\/uploads\/sites\/7\/2021\/05\/Poster-149th-IIC-Lublin-Poland-726x1024-1.jpg 726w, https:\/\/itftkd.sport\/es\/wp-content\/uploads\/sites\/7\/2021\/05\/Poster-149th-IIC-Lublin-Poland-726x1024-1-213x300.jpg 213w\" sizes=\"auto, (max-width: 317px) 100vw, 317px\" \/><\/figure><\/div>\n\n\n\n<p>El IIC estar\u00e1 a cargo de miembros del Comit\u00e9 T\u00e9cnico:<br><strong>Gran Maestro H\u00e9ctor Marano<\/strong> &#8211; IX Dan, Presidente del Comit\u00e9 T\u00e9cnico de la ITF<br><strong>Gran Maestro Ung Kim Lan<\/strong> &#8211; IX Dan, Miembro del Comit\u00e9 T\u00e9cnico de la ITF<br><strong>Maestro Jerzy Jedut <\/strong>&#8211; VIII Dan, Miembro del Comit\u00e9 T\u00e9cnico de la ITF<\/p>\n\n\n\n<p>Por primera vez en Europa, tendremos la presentaci\u00f3n de Taekwon-Do Adaptado como parte del IIC. Esta sesi\u00f3n estar\u00e1 a cargo del Sbn. Leo Oros Duek, VI Dan y Presidente del Comit\u00e9 de Inclusi\u00f3n de la ITF.<br>El seminario se llevar\u00e1 a cabo con la presencia especial del Gran Maestro Paul Weiler &#8211; IX Dan, Presidente de la ITF<\/p>\n\n\n\n<p>El seminario tendr\u00e1 lugar en Lublin, centro administrativo de la voivod\u00eda y capital de la regi\u00f3n de Lublin. La ciudad, con 365 mil habitantes, es la ciudad m\u00e1s grande del este de Polonia. La ubicaci\u00f3n de la ciudad en lo alto de las colinas de loessial Upland en el valle de Bystrzyca y sus afluentes es uno de sus activos.<\/p>\n\n\n\n<p>Para obtener m\u00e1s informaci\u00f3n sobre Lublin, consulte el sitio web oficial: <a href=\"https:\/\/lublin.eu\/en\/lublin\/about-the-city\/\" class=\"ek-link\">https:\/\/lublin.eu\/en\/lublin\/about-the-city\/<\/a><\/p>\n\n\n\n<p>Lublin tiene su propio aeropuerto (Lublin \/ LUZ). La ciudad tambi\u00e9n tiene una muy buena conexi\u00f3n por carretera con Varsovia, la capital de Polonia.<br>Un viaje en coche (170 km) desde el aeropuerto Chopin de Varsovia a Lublin tarda hasta 2 horas.<\/p>\n\n\n\n<p>Polonia mantiene buenas relaciones diplom\u00e1ticas con todos los pa\u00edses de Europa y del mundo, por lo que todos los participantes no deber\u00edan tener dificultades para obtener visados, independientemente de su orientaci\u00f3n pol\u00edtica o religiosa, por supuesto, si se solicitan a tiempo.<\/p>\n\n\n\n<p>Con gran placer, el comit\u00e9 organizador ayudar\u00e1 a todos los participantes en cualquier asunto de organizaci\u00f3n tanto como sea posible.<\/p>\n\n\n\n<p>En caso de cualquier pregunta o duda, comun\u00edquese con la oficina central de la PTA en: info@pztkd.lublin.pl<\/p>\n\n\n\n<p>Esperamos verlos a todos en Lublin, Polonia.<br>Tuyo en Taekwon-do,<br>Maestro Jerzy Jedut<\/p>\n\n\n<div  class=\"tribe-block tribe-block__event-price\" >\n\t\t<\/div>\n\n\n\n\n<div  class=\"tribe-block tribe-block__venue tribe-clearfix tribe-block__venue--has-map\" >\n\t\n\t\t\n\t<\/div>\n\n\n\n\n\t<div  class=\"tribe-block tribe-block__events-link\" >\n\t\t<div class=\"tribe-events tribe-common\">\n\t\t\t<div class=\"tribe-events-c-subscribe-dropdown__container\">\n\t\t\t\t<div class=\"tribe-events-c-subscribe-dropdown\">\n\t\t\t\t\t<div class=\"tribe-common-c-btn-border tribe-events-c-subscribe-dropdown__button\">\n\t\t\t\t\t\t<svg\n\t class=\"tribe-common-c-svgicon tribe-common-c-svgicon--cal-export tribe-events-c-subscribe-dropdown__export-icon\" \taria-hidden=\"true\"\n\tviewBox=\"0 0 23 17\"\n\txmlns=\"http:\/\/www.w3.org\/2000\/svg\"\n>\n\t<path fill-rule=\"evenodd\" clip-rule=\"evenodd\" d=\"M.128.896V16.13c0 .211.145.383.323.383h15.354c.179 0 .323-.172.323-.383V.896c0-.212-.144-.383-.323-.383H.451C.273.513.128.684.128.896Zm16 6.742h-.901V4.679H1.009v10.729h14.218v-3.336h.901V7.638ZM1.01 1.614h14.218v2.058H1.009V1.614Z\" \/>\n\t<path d=\"M20.5 9.846H8.312M18.524 6.953l2.89 2.909-2.855 2.855\" stroke-width=\"1.2\" stroke-linecap=\"round\" stroke-linejoin=\"round\"\/>\n<\/svg>\n\t\t\t\t\t\t<button\n\t\t\t\t\t\t\tclass=\"tribe-events-c-subscribe-dropdown__button-text\"\n\t\t\t\t\t\t\taria-expanded=\"false\"\n\t\t\t\t\t\t\taria-controls=\"tribe-events-subscribe-dropdown-content\"\n\t\t\t\t\t\t\taria-label=\"Ver enlaces para a\u00f1adir eventos al calendario\"\n\t\t\t\t\t\t>\n\t\t\t\t\t\t\tA\u00f1adir al calendario\t\t\t\t\t\t<\/button>\n\t\t\t\t\t\t<svg\n\t class=\"tribe-common-c-svgicon tribe-common-c-svgicon--caret-down tribe-events-c-subscribe-dropdown__button-icon\" \taria-hidden=\"true\"\n\tviewBox=\"0 0 10 7\"\n\txmlns=\"http:\/\/www.w3.org\/2000\/svg\"\n>\n\t<path fill-rule=\"evenodd\" clip-rule=\"evenodd\" d=\"M1.008.609L5 4.6 8.992.61l.958.958L5 6.517.05 1.566l.958-.958z\" class=\"tribe-common-c-svgicon__svg-fill\"\/>\n<\/svg>\n\t\t\t\t\t<\/div>\n\t\t\t\t\t<div id=\"tribe-events-subscribe-dropdown-content\" class=\"tribe-events-c-subscribe-dropdown__content\">\n\t\t\t\t\t\t<ul class=\"tribe-events-c-subscribe-dropdown__list\">\n\t\t\t\t\t\t\t\t\t\t\t\t\t\t\t<li class=\"tribe-events-c-subscribe-dropdown__list-item tribe-events-c-subscribe-dropdown__list-item--gcal\">\n\t\t\t\t\t\t\t\t\t<a\n\t\t\t\t\t\t\t\t\t\thref=\"https:\/\/www.google.com\/calendar\/event?action=TEMPLATE&#038;dates=20210910T090000\/20210912T180000&#038;text=149%C2%BA%20IIC%20%26%238211%3B%20Lublin%2C%20Polonia&#038;details=%3Cp%3ELa+Asociaci%C3%B3n+Polaca+de+Taekwon-Do+tiene+el+honor+de+ser+la+anfitriona+del+%3Cstrong%3E149+%C2%B0+Curso+Internacional+de+Instructores%3C%2Fstrong%3E%2C+que+se+llevar%C3%A1+a+cabo+del+%3Cstrong%3E10+al+12+de+septiembre+de+2021%3C%2Fstrong%3E+en+el+Sporthall+de+Zdzislawa+Niedziela%2C+Zygmuntowskie+Allee+4%2C+Lublin%2C+Polonia.%3C%2Fp%3E+%3Cdiv+class%3D%22wp-block-image%22%3E%3Cfigure+class%3D%22alignright+size-large+is-resized%22%3E%3Cimg+src%3D%22https%3A%2F%2Fitftkd.sport%2Fes%2Fwp-content%2Fuploads%2Fsites%2F7%2F2021%2F05%2FPoster-149th-IIC-Lublin-Poland-726x1024-1.jpg%22+alt%3D%22Poster-149th-IIC-Lublin-Poland-726x1024%22+class%3D%22wp-image-25538%22+width%3D%22317%22+height%3D%22447%22+%2F%3E%3C%2Ffigure%3E%3C%2Fdiv%3E%3Cp%3EEl+IIC+estar%C3%A1+a+cargo+de+miembros+del+Comit%C3%A9+T%C3%A9cnico%3A%3Cbr+%2F%3E%3Cstrong%3EGran+Maestro+H%C3%A9ctor+Marano%3C%2Fstrong%3E+-+IX+Dan%2C+Presidente+del+Comit%C3%A9+T%C3%A9cnico+de+la+ITF%3Cbr+%2F%3E%3Cstrong%3EGran+Maestro+Ung+Kim+Lan%3C%2Fstrong%3E+-+IX+Dan%2C+Miembro+del+Comit%C3%A9+T%C3%A9cnico+de+la+ITF%3Cbr+%2F%3E%3Cstrong%3EMaestro+Jerzy+Jedut+%3C%2Fstrong%3E-+VIII+Dan%2C+Miembro+del+Comit%C3%A9+T%C3%A9cnico+de+la+ITF%3C%2Fp%3E+%3Cp%3EPor+primera+vez+en+Europa%2C%3C%2Fp%3E+%28Ver+aqu%C3%AD+la+descripci%C3%B3n+completa+de+evento%3A+https%3A%2F%2Fitftkd.sport%2Fes%2Fevent%2F149o-iic-lublin-polonia-2%2F%29&#038;trp=false&#038;ctz=Europe\/Madrid&#038;sprop=website:https:\/\/itftkd.sport\/es\"\n\t\t\t\t\t\t\t\t\t\tclass=\"tribe-events-c-subscribe-dropdown__list-item-link\"\n\t\t\t\t\t\t\t\t\t\ttarget=\"_blank\"\n\t\t\t\t\t\t\t\t\t\trel=\"noopener noreferrer nofollow noindex\"\n\t\t\t\t\t\t\t\t\t>\n\t\t\t\t\t\t\t\t\t\tGoogle Calendar\t\t\t\t\t\t\t\t\t<\/a>\n\t\t\t\t\t\t\t\t<\/li>\n\t\t\t\t\t\t\t\t\t\t\t\t\t\t\t<li class=\"tribe-events-c-subscribe-dropdown__list-item tribe-events-c-subscribe-dropdown__list-item--ical\">\n\t\t\t\t\t\t\t\t\t<a\n\t\t\t\t\t\t\t\t\t\thref=\"\"\n\t\t\t\t\t\t\t\t\t\tclass=\"tribe-events-c-subscribe-dropdown__list-item-link\"\n\t\t\t\t\t\t\t\t\t\ttarget=\"_blank\"\n\t\t\t\t\t\t\t\t\t\trel=\"noopener noreferrer nofollow noindex\"\n\t\t\t\t\t\t\t\t\t>\n\t\t\t\t\t\t\t\t\t\tiCalendar\t\t\t\t\t\t\t\t\t<\/a>\n\t\t\t\t\t\t\t\t<\/li>\n\t\t\t\t\t\t\t\t\t\t\t\t\t\t\t<li class=\"tribe-events-c-subscribe-dropdown__list-item tribe-events-c-subscribe-dropdown__list-item--outlook-365\">\n\t\t\t\t\t\t\t\t\t<a\n\t\t\t\t\t\t\t\t\t\thref=\"\"\n\t\t\t\t\t\t\t\t\t\tclass=\"tribe-events-c-subscribe-dropdown__list-item-link\"\n\t\t\t\t\t\t\t\t\t\ttarget=\"_blank\"\n\t\t\t\t\t\t\t\t\t\trel=\"noopener noreferrer nofollow noindex\"\n\t\t\t\t\t\t\t\t\t>\n\t\t\t\t\t\t\t\t\t\tOutlook 365\t\t\t\t\t\t\t\t\t<\/a>\n\t\t\t\t\t\t\t\t<\/li>\n\t\t\t\t\t\t\t\t\t\t\t\t\t\t\t<li class=\"tribe-events-c-subscribe-dropdown__list-item tribe-events-c-subscribe-dropdown__list-item--outlook-live\">\n\t\t\t\t\t\t\t\t\t<a\n\t\t\t\t\t\t\t\t\t\thref=\"\"\n\t\t\t\t\t\t\t\t\t\tclass=\"tribe-events-c-subscribe-dropdown__list-item-link\"\n\t\t\t\t\t\t\t\t\t\ttarget=\"_blank\"\n\t\t\t\t\t\t\t\t\t\trel=\"noopener noreferrer nofollow noindex\"\n\t\t\t\t\t\t\t\t\t>\n\t\t\t\t\t\t\t\t\t\tOutlook Live\t\t\t\t\t\t\t\t\t<\/a>\n\t\t\t\t\t\t\t\t<\/li>\n\t\t\t\t\t\t\t\t\t\t\t\t\t<\/ul>\n\t\t\t\t\t<\/div>\n\t\t\t\t<\/div>\n\t\t\t<\/div>\n\t\t<\/div>\n\t<\/div>\n\n\n\n<h2 class=\"tribe-block__related-events__title\">Eventos Relacionados<\/h2>\n\n<ul  class=\"tribe-related-events tribe-clearfix\" >\n\t\t\t<li>\n\t\n<div class=\"tribe-related-events-thumbnail\">\n\t<a href=\"https:\/\/itftkd.sport\/es\/event\/iic-en-addis-abeba-etiopia\/\" class=\"url\" rel=\"bookmark\" tabindex=\"-1\" aria-hidden=\"true\"><img loading=\"lazy\" decoding=\"async\" width=\"717\" height=\"822\" src=\"https:\/\/itftkd.sport\/es\/wp-content\/uploads\/sites\/7\/2026\/02\/Flyer-IIC-Ethiophia-2026.jpg\" class=\"attachment-large size-large wp-post-image\" alt=\"Flyer-IIC-Ethiopia-2026\" \/><\/a>\n<\/div>\n\t<div class=\"tribe-related-event-info\">\n\t<h3 class=\"tribe-related-events-title\">\n\t\t<a href=\"https:\/\/itftkd.sport\/es\/event\/iic-en-addis-abeba-etiopia\/\" class=\"tribe-event-url\" rel=\"bookmark\">\n\t\t\tIIC Etiop\u00eda\t\t<\/a>\n\t<\/h3>\n\t<span class=\"tribe-event-date-start\">Jul 31 8:00 am<\/span> &#8211; <span class=\"tribe-event-date-end\">Ago 2 5:00 pm<\/span><\/div>\n<\/li>\n\t\t\t<li>\n\t\n<div class=\"tribe-related-events-thumbnail\">\n\t<a href=\"https:\/\/itftkd.sport\/es\/event\/iic-sao-paulo-brazil\/\" class=\"url\" rel=\"bookmark\" tabindex=\"-1\" aria-hidden=\"true\"><img loading=\"lazy\" decoding=\"async\" width=\"800\" height=\"600\" src=\"https:\/\/itftkd.sport\/es\/wp-content\/uploads\/sites\/7\/2025\/10\/Featured-Image-IIC-Sao-Paulo-Brazil-2026.jpg\" class=\"attachment-large size-large wp-post-image\" alt=\"Featured-Image-IIC-Sao-Paulo-Brazil-2026\" \/><\/a>\n<\/div>\n\t<div class=\"tribe-related-event-info\">\n\t<h3 class=\"tribe-related-events-title\">\n\t\t<a href=\"https:\/\/itftkd.sport\/es\/event\/iic-sao-paulo-brazil\/\" class=\"tribe-event-url\" rel=\"bookmark\">\n\t\t\tIIC Brasil 2026\t\t<\/a>\n\t<\/h3>\n\t<span class=\"tribe-event-date-start\">Ago 14 8:00 am<\/span> &#8211; <span class=\"tribe-event-date-end\">Ago 16 5:00 pm<\/span><\/div>\n<\/li>\n\t\t\t<li>\n\t\n<div class=\"tribe-related-events-thumbnail\">\n\t<a href=\"https:\/\/itftkd.sport\/es\/event\/iic-bedford-inglaterra-septimebre-2026\/\" class=\"url\" rel=\"bookmark\" tabindex=\"-1\" aria-hidden=\"true\"><img loading=\"lazy\" decoding=\"async\" width=\"800\" height=\"600\" src=\"https:\/\/itftkd.sport\/es\/wp-content\/uploads\/sites\/7\/2026\/02\/Featured-IIC-England-Bedford-September-2026.jpg\" class=\"attachment-large size-large wp-post-image\" alt=\"\" \/><\/a>\n<\/div>\n\t<div class=\"tribe-related-event-info\">\n\t<h3 class=\"tribe-related-events-title\">\n\t\t<a href=\"https:\/\/itftkd.sport\/es\/event\/iic-bedford-inglaterra-septimebre-2026\/\" class=\"tribe-event-url\" rel=\"bookmark\">\n\t\t\tIIC Inglaterra 2026\t\t<\/a>\n\t<\/h3>\n\t<span class=\"tribe-event-date-start\">Sep 4 8:00 am<\/span> &#8211; <span class=\"tribe-event-date-end\">Sep 6 5:00 pm<\/span><\/div>\n<\/li>\n\t<\/ul>\n","protected":false},"excerpt":{"rendered":"<p>149\u00ba IIC &#8211; Lublin, Polonia<\/p>\n","protected":false},"author":10,"featured_media":25522,"template":"","meta":{"_tec_requires_first_save":false,"_uag_custom_page_level_css":"","_genesis_hide_title":false,"_genesis_hide_breadcrumbs":false,"_genesis_hide_singular_image":false,"_genesis_hide_footer_widgets":false,"_genesis_custom_body_class":"","_genesis_custom_post_class":"","_genesis_layout":"","_EventAllDay":false,"_EventTimezone":"Europe\/Madrid","_EventStartDate":"2021-09-10 09:00:00","_EventEndDate":"2021-09-12 18:00:00","_EventStartDateUTC":"2021-09-10 07:00:00","_EventEndDateUTC":"2021-09-12 16:00:00","_EventShowMap":true,"_EventShowMapLink":true,"_EventURL":"","_EventCost":"","_EventCostDescription":"","_EventCurrencySymbol":"$","_EventCurrencyCode":"","_EventCurrencyPosition":"prefix","_EventDateTimeSeparator":" @ ","_EventTimeRangeSeparator":" - ","_EventOrganizerID":[],"_EventVenueID":[0],"_OrganizerEmail":"","_OrganizerPhone":"","_OrganizerWebsite":"","_VenueAddress":"","_VenueCity":"","_VenueCountry":"","_VenueProvince":"","_VenueState":"","_VenueZip":"","_VenuePhone":"","_VenueURL":"","_VenueStateProvince":"","_VenueLat":"","_VenueLng":"","_VenueShowMap":false,"_VenueShowMapLink":false,"_tribe_blocks_recurrence_rules":"","_tribe_blocks_recurrence_description":"","_tribe_blocks_recurrence_exclusions":"","_tribe_events_status":"","_tribe_events_status_reason":"","editor_notices":[],"_tribe_events_is_hybrid":"","_tribe_events_is_virtual":"","_tribe_events_virtual_video_source":"","_tribe_events_virtual_embed_video":"","_tribe_events_virtual_linked_button_text":"","_tribe_events_virtual_linked_button":"","_tribe_events_virtual_show_embed_at":"","_tribe_events_virtual_show_embed_to":[],"_tribe_events_virtual_show_on_event":"","_tribe_events_virtual_show_on_views":"","_tribe_events_virtual_url":"","footnotes":""},"tags":[],"tribe_events_cat":[14],"class_list":["post-25537","tribe_events","type-tribe_events","status-publish","has-post-thumbnail","tribe_events_cat-international-instructor-course","cat_international-instructor-course","entry"],"uagb_featured_image_src":{"full":["https:\/\/itftkd.sport\/es\/wp-content\/uploads\/sites\/7\/2021\/05\/Featured-image-149-IIC-Lublin-Poland.jpg",800,600,false],"thumbnail":["https:\/\/itftkd.sport\/es\/wp-content\/uploads\/sites\/7\/2021\/05\/Featured-image-149-IIC-Lublin-Poland-150x150.jpg",150,150,true],"medium":["https:\/\/itftkd.sport\/es\/wp-content\/uploads\/sites\/7\/2021\/05\/Featured-image-149-IIC-Lublin-Poland-300x225.jpg",300,225,true],"medium_large":["https:\/\/itftkd.sport\/es\/wp-content\/uploads\/sites\/7\/2021\/05\/Featured-image-149-IIC-Lublin-Poland-768x576.jpg",768,576,true],"large":["https:\/\/itftkd.sport\/es\/wp-content\/uploads\/sites\/7\/2021\/05\/Featured-image-149-IIC-Lublin-Poland.jpg",800,600,false],"1536x1536":["https:\/\/itftkd.sport\/es\/wp-content\/uploads\/sites\/7\/2021\/05\/Featured-image-149-IIC-Lublin-Poland.jpg",800,600,false],"2048x2048":["https:\/\/itftkd.sport\/es\/wp-content\/uploads\/sites\/7\/2021\/05\/Featured-image-149-IIC-Lublin-Poland.jpg",800,600,false],"banner":["https:\/\/itftkd.sport\/es\/wp-content\/uploads\/sites\/7\/2021\/05\/Featured-image-149-IIC-Lublin-Poland-800x533.jpg",800,533,true],"section":["https:\/\/itftkd.sport\/es\/wp-content\/uploads\/sites\/7\/2021\/05\/Featured-image-149-IIC-Lublin-Poland.jpg",800,600,false],"full-width":["https:\/\/itftkd.sport\/es\/wp-content\/uploads\/sites\/7\/2021\/05\/Featured-image-149-IIC-Lublin-Poland.jpg",800,600,false],"featured":["https:\/\/itftkd.sport\/es\/wp-content\/uploads\/sites\/7\/2021\/05\/Featured-image-149-IIC-Lublin-Poland.jpg",800,600,false],"one-half":["https:\/\/itftkd.sport\/es\/wp-content\/uploads\/sites\/7\/2021\/05\/Featured-image-149-IIC-Lublin-Poland-550x413.jpg",550,413,true],"one-third":["https:\/\/itftkd.sport\/es\/wp-content\/uploads\/sites\/7\/2021\/05\/Featured-image-149-IIC-Lublin-Poland-350x263.jpg",350,263,true],"one-fourth":["https:\/\/itftkd.sport\/es\/wp-content\/uploads\/sites\/7\/2021\/05\/Featured-image-149-IIC-Lublin-Poland-260x195.jpg",260,195,true],"tiny":["https:\/\/itftkd.sport\/es\/wp-content\/uploads\/sites\/7\/2021\/05\/Featured-image-149-IIC-Lublin-Poland-80x80.jpg",80,80,true],"ab-block-post-grid-landscape":["https:\/\/itftkd.sport\/es\/wp-content\/uploads\/sites\/7\/2021\/05\/Featured-image-149-IIC-Lublin-Poland-600x400.jpg",600,400,true],"ab-block-post-grid-square":["https:\/\/itftkd.sport\/es\/wp-content\/uploads\/sites\/7\/2021\/05\/Featured-image-149-IIC-Lublin-Poland-600x600.jpg",600,600,true],"gform-image-choice-sm":["https:\/\/itftkd.sport\/es\/wp-content\/uploads\/sites\/7\/2021\/05\/Featured-image-149-IIC-Lublin-Poland.jpg",300,225,false],"gform-image-choice-md":["https:\/\/itftkd.sport\/es\/wp-content\/uploads\/sites\/7\/2021\/05\/Featured-image-149-IIC-Lublin-Poland.jpg",400,300,false],"gform-image-choice-lg":["https:\/\/itftkd.sport\/es\/wp-content\/uploads\/sites\/7\/2021\/05\/Featured-image-149-IIC-Lublin-Poland.jpg",600,450,false]},"uagb_author_info":{"display_name":"ivan","author_link":"https:\/\/itftkd.sport\/es\/author\/ivan\/"},"uagb_comment_info":0,"uagb_excerpt":"149\u00ba IIC - Lublin, Polonia","_links":{"self":[{"href":"https:\/\/itftkd.sport\/es\/wp-json\/wp\/v2\/tribe_events\/25537","targetHints":{"allow":["GET"]}}],"collection":[{"href":"https:\/\/itftkd.sport\/es\/wp-json\/wp\/v2\/tribe_events"}],"about":[{"href":"https:\/\/itftkd.sport\/es\/wp-json\/wp\/v2\/types\/tribe_events"}],"author":[{"embeddable":true,"href":"https:\/\/itftkd.sport\/es\/wp-json\/wp\/v2\/users\/10"}],"version-history":[{"count":2,"href":"https:\/\/itftkd.sport\/es\/wp-json\/wp\/v2\/tribe_events\/25537\/revisions"}],"predecessor-version":[{"id":26078,"href":"https:\/\/itftkd.sport\/es\/wp-json\/wp\/v2\/tribe_events\/25537\/revisions\/26078"}],"wp:featuredmedia":[{"embeddable":true,"href":"https:\/\/itftkd.sport\/es\/wp-json\/wp\/v2\/media\/25522"}],"wp:attachment":[{"href":"https:\/\/itftkd.sport\/es\/wp-json\/wp\/v2\/media?parent=25537"}],"wp:term":[{"taxonomy":"post_tag","embeddable":true,"href":"https:\/\/itftkd.sport\/es\/wp-json\/wp\/v2\/tags?post=25537"},{"taxonomy":"tribe_events_cat","embeddable":true,"href":"https:\/\/itftkd.sport\/es\/wp-json\/wp\/v2\/tribe_events_cat?post=25537"}],"curies":[{"name":"wp","href":"https:\/\/api.w.org\/{rel}","templated":true}]}}