{"id":32082,"date":"2025-03-05T15:31:11","date_gmt":"2025-03-05T14:31:11","guid":{"rendered":"https:\/\/itftkd.sport\/es\/world-championship-2025\/"},"modified":"2025-05-26T19:26:42","modified_gmt":"2025-05-26T17:26:42","slug":"world-championship-2025","status":"publish","type":"page","link":"https:\/\/itftkd.sport\/es\/world-championship-2025\/","title":{"rendered":"World Championship 2025"},"content":{"rendered":"<figure class=\"wp-block-post-featured-image\"><img loading=\"lazy\" decoding=\"async\" width=\"1200\" height=\"545\" src=\"https:\/\/itftkd.sport\/es\/wp-content\/uploads\/sites\/7\/2025\/03\/WC2025_banner.jpg\" class=\"attachment-post-thumbnail size-post-thumbnail wp-post-image\" alt=\"\" style=\"object-fit:cover;\" srcset=\"https:\/\/itftkd.sport\/es\/wp-content\/uploads\/sites\/7\/2025\/03\/WC2025_banner.jpg 1200w, https:\/\/itftkd.sport\/es\/wp-content\/uploads\/sites\/7\/2025\/03\/WC2025_banner-300x136.jpg 300w, https:\/\/itftkd.sport\/es\/wp-content\/uploads\/sites\/7\/2025\/03\/WC2025_banner-1024x465.jpg 1024w, https:\/\/itftkd.sport\/es\/wp-content\/uploads\/sites\/7\/2025\/03\/WC2025_banner-768x349.jpg 768w\" sizes=\"auto, (max-width: 1200px) 100vw, 1200px\" \/><\/figure>\n\n\n<div style=\"height:30px\" aria-hidden=\"true\" class=\"wp-block-spacer\"><\/div>\n\n\n\n<div class=\"wp-block-query is-layout-flow wp-block-query-is-layout-flow\"><ul class=\"wp-block-post-template is-layout-flow wp-block-post-template-is-layout-flow\"><li class=\"wp-block-post post-32935 post type-post status-publish format-standard has-post-thumbnail category-destacadas category-noticias-institucionales category-resultados-del-campeonato-mundial category-world-campionship-2025 entry\">\n\n<div class=\"wp-block-columns has-background is-layout-flex wp-container-core-columns-is-layout-9d6595d7 wp-block-columns-is-layout-flex\" style=\"background-color:#e4e4e4\">\n<div class=\"wp-block-column is-layout-flow wp-block-column-is-layout-flow\" style=\"flex-basis:40%\"><figure class=\"wp-block-post-featured-image\"><a href=\"https:\/\/itftkd.sport\/es\/reflexiones-sobre-la-excelencia-campeonato-mundial-2025-en-porec\/\" target=\"_self\"  ><img loading=\"lazy\" decoding=\"async\" width=\"800\" height=\"600\" src=\"https:\/\/itftkd.sport\/es\/wp-content\/uploads\/sites\/7\/2025\/10\/WC2025_socialmedia.jpg\" class=\"attachment-post-thumbnail size-post-thumbnail wp-post-image\" alt=\"Reflexiones sobre la excelencia: Campeonato Mundial 2025 en Pore\u010d\" style=\"object-fit:cover;\" srcset=\"https:\/\/itftkd.sport\/es\/wp-content\/uploads\/sites\/7\/2025\/10\/WC2025_socialmedia.jpg 800w, https:\/\/itftkd.sport\/es\/wp-content\/uploads\/sites\/7\/2025\/10\/WC2025_socialmedia-300x225.jpg 300w, https:\/\/itftkd.sport\/es\/wp-content\/uploads\/sites\/7\/2025\/10\/WC2025_socialmedia-768x576.jpg 768w, https:\/\/itftkd.sport\/es\/wp-content\/uploads\/sites\/7\/2025\/10\/WC2025_socialmedia-550x413.jpg 550w, https:\/\/itftkd.sport\/es\/wp-content\/uploads\/sites\/7\/2025\/10\/WC2025_socialmedia-350x263.jpg 350w, https:\/\/itftkd.sport\/es\/wp-content\/uploads\/sites\/7\/2025\/10\/WC2025_socialmedia-260x195.jpg 260w\" sizes=\"auto, (max-width: 800px) 100vw, 800px\" \/><\/a><\/figure><\/div>\n\n\n\n<div class=\"wp-block-column is-layout-flow wp-block-column-is-layout-flow\" style=\"flex-basis:55%\"><h2 class=\"wp-block-post-title has-text-color has-vivid-red-color\"><a href=\"https:\/\/itftkd.sport\/es\/reflexiones-sobre-la-excelencia-campeonato-mundial-2025-en-porec\/\" target=\"_self\" >Reflexiones sobre la excelencia: Campeonato Mundial 2025 en Pore\u010d<\/a><\/h2>\n\n<div class=\"wp-block-post-date has-small-font-size\"><time datetime=\"2025-10-22T13:30:21+02:00\">octubre 22, 2025<\/time><\/div>\n\n<div class=\"has-text-align-left wp-block-post-excerpt\"><p class=\"wp-block-post-excerpt__excerpt\">El Campeonato Mundial 2025, celebrado del 8 al 11 de octubre en Pore\u010d, Croacia, ha llegado a su fin, marcando una de las ediciones m\u00e1s vibrantes e inspiradoras de los<\/p><p class=\"wp-block-post-excerpt__more-text\"><a class=\"wp-block-post-excerpt__more-link\" href=\"https:\/\/itftkd.sport\/es\/reflexiones-sobre-la-excelencia-campeonato-mundial-2025-en-porec\/\">Read more<\/a><\/p><\/div><\/div>\n<\/div>\n\n<\/li><li class=\"wp-block-post post-32895 post type-post status-publish format-standard has-post-thumbnail category-destacadas category-ultimas-noticias category-world-campionship-2025 entry\">\n\n<div class=\"wp-block-columns has-background is-layout-flex wp-container-core-columns-is-layout-9d6595d7 wp-block-columns-is-layout-flex\" style=\"background-color:#e4e4e4\">\n<div class=\"wp-block-column is-layout-flow wp-block-column-is-layout-flow\" style=\"flex-basis:40%\"><figure class=\"wp-block-post-featured-image\"><a href=\"https:\/\/itftkd.sport\/es\/nuevos-records-de-altura-en-tecnicas-especiales\/\" target=\"_self\"  ><img loading=\"lazy\" decoding=\"async\" width=\"1200\" height=\"900\" src=\"https:\/\/itftkd.sport\/es\/wp-content\/uploads\/sites\/7\/2025\/10\/20251010_WorldRecordEvent_01.jpg\" class=\"attachment-post-thumbnail size-post-thumbnail wp-post-image\" alt=\"Nuevos r\u00e9cords de altura en T\u00e9cnicas Especiales\" style=\"object-fit:cover;\" srcset=\"https:\/\/itftkd.sport\/es\/wp-content\/uploads\/sites\/7\/2025\/10\/20251010_WorldRecordEvent_01.jpg 1200w, https:\/\/itftkd.sport\/es\/wp-content\/uploads\/sites\/7\/2025\/10\/20251010_WorldRecordEvent_01-300x225.jpg 300w, https:\/\/itftkd.sport\/es\/wp-content\/uploads\/sites\/7\/2025\/10\/20251010_WorldRecordEvent_01-1024x768.jpg 1024w, https:\/\/itftkd.sport\/es\/wp-content\/uploads\/sites\/7\/2025\/10\/20251010_WorldRecordEvent_01-768x576.jpg 768w, https:\/\/itftkd.sport\/es\/wp-content\/uploads\/sites\/7\/2025\/10\/20251010_WorldRecordEvent_01-800x600.jpg 800w, https:\/\/itftkd.sport\/es\/wp-content\/uploads\/sites\/7\/2025\/10\/20251010_WorldRecordEvent_01-550x413.jpg 550w, https:\/\/itftkd.sport\/es\/wp-content\/uploads\/sites\/7\/2025\/10\/20251010_WorldRecordEvent_01-350x263.jpg 350w, https:\/\/itftkd.sport\/es\/wp-content\/uploads\/sites\/7\/2025\/10\/20251010_WorldRecordEvent_01-260x195.jpg 260w\" sizes=\"auto, (max-width: 1200px) 100vw, 1200px\" \/><\/a><\/figure><\/div>\n\n\n\n<div class=\"wp-block-column is-layout-flow wp-block-column-is-layout-flow\" style=\"flex-basis:55%\"><h2 class=\"wp-block-post-title has-text-color has-vivid-red-color\"><a href=\"https:\/\/itftkd.sport\/es\/nuevos-records-de-altura-en-tecnicas-especiales\/\" target=\"_self\" >Nuevos r\u00e9cords de altura en T\u00e9cnicas Especiales<\/a><\/h2>\n\n<div class=\"wp-block-post-date has-small-font-size\"><time datetime=\"2025-10-11T11:28:09+02:00\">octubre 11, 2025<\/time><\/div>\n\n<div class=\"has-text-align-left wp-block-post-excerpt\"><p class=\"wp-block-post-excerpt__excerpt\">El Evento de R\u00e9cord Mundial 2025, celebrado durante la Gala del Campeonato Mundial en Pore\u010d, Croacia, ofreci\u00f3 una noche de potencia, precisi\u00f3n y excelencia atl\u00e9tica. Por primera vez, el evento<\/p><p class=\"wp-block-post-excerpt__more-text\"><a class=\"wp-block-post-excerpt__more-link\" href=\"https:\/\/itftkd.sport\/es\/nuevos-records-de-altura-en-tecnicas-especiales\/\">Read more<\/a><\/p><\/div><\/div>\n<\/div>\n\n<\/li><li class=\"wp-block-post post-32878 post type-post status-publish format-standard has-post-thumbnail category-destacadas category-ultimas-noticias category-world-campionship-2025 entry\">\n\n<div class=\"wp-block-columns has-background is-layout-flex wp-container-core-columns-is-layout-9d6595d7 wp-block-columns-is-layout-flex\" style=\"background-color:#e4e4e4\">\n<div class=\"wp-block-column is-layout-flow wp-block-column-is-layout-flow\" style=\"flex-basis:40%\"><figure class=\"wp-block-post-featured-image\"><a href=\"https:\/\/itftkd.sport\/es\/un-comienzo-espectacular-para-el-campeonato-mundial-2025\/\" target=\"_self\"  ><img loading=\"lazy\" decoding=\"async\" width=\"1200\" height=\"800\" src=\"https:\/\/itftkd.sport\/es\/wp-content\/uploads\/sites\/7\/2025\/10\/WC2025_DanielSchmidt_day1-1.jpg\" class=\"attachment-post-thumbnail size-post-thumbnail wp-post-image\" alt=\"Un comienzo espectacular para el Campeonato Mundial 2025\" style=\"object-fit:cover;\" srcset=\"https:\/\/itftkd.sport\/es\/wp-content\/uploads\/sites\/7\/2025\/10\/WC2025_DanielSchmidt_day1-1.jpg 1200w, https:\/\/itftkd.sport\/es\/wp-content\/uploads\/sites\/7\/2025\/10\/WC2025_DanielSchmidt_day1-1-300x200.jpg 300w, https:\/\/itftkd.sport\/es\/wp-content\/uploads\/sites\/7\/2025\/10\/WC2025_DanielSchmidt_day1-1-1024x683.jpg 1024w, https:\/\/itftkd.sport\/es\/wp-content\/uploads\/sites\/7\/2025\/10\/WC2025_DanielSchmidt_day1-1-768x512.jpg 768w, https:\/\/itftkd.sport\/es\/wp-content\/uploads\/sites\/7\/2025\/10\/WC2025_DanielSchmidt_day1-1-600x400.jpg 600w\" sizes=\"auto, (max-width: 1200px) 100vw, 1200px\" \/><\/a><\/figure><\/div>\n\n\n\n<div class=\"wp-block-column is-layout-flow wp-block-column-is-layout-flow\" style=\"flex-basis:55%\"><h2 class=\"wp-block-post-title has-text-color has-vivid-red-color\"><a href=\"https:\/\/itftkd.sport\/es\/un-comienzo-espectacular-para-el-campeonato-mundial-2025\/\" target=\"_self\" >Un comienzo espectacular para el Campeonato Mundial 2025<\/a><\/h2>\n\n<div class=\"wp-block-post-date has-small-font-size\"><time datetime=\"2025-10-09T11:32:40+02:00\">octubre 9, 2025<\/time><\/div>\n\n<div class=\"has-text-align-left wp-block-post-excerpt\"><p class=\"wp-block-post-excerpt__excerpt\">El Campeonato Mundial 2025 comenz\u00f3 oficialmente en Pore\u010d, Croacia, con una memorable Ceremonia de Apertura que combin\u00f3 formalidad, emoci\u00f3n y celebraci\u00f3n, marcando el tono perfecto para cuatro d\u00edas de competencia<\/p><p class=\"wp-block-post-excerpt__more-text\"><a class=\"wp-block-post-excerpt__more-link\" href=\"https:\/\/itftkd.sport\/es\/un-comienzo-espectacular-para-el-campeonato-mundial-2025\/\">Read more<\/a><\/p><\/div><\/div>\n<\/div>\n\n<\/li><li class=\"wp-block-post post-32886 post type-post status-publish format-standard has-post-thumbnail category-ultimas-noticias category-world-campionship-2025 entry\">\n\n<div class=\"wp-block-columns has-background is-layout-flex wp-container-core-columns-is-layout-9d6595d7 wp-block-columns-is-layout-flex\" style=\"background-color:#e4e4e4\">\n<div class=\"wp-block-column is-layout-flow wp-block-column-is-layout-flow\" style=\"flex-basis:40%\"><figure class=\"wp-block-post-featured-image\"><a href=\"https:\/\/itftkd.sport\/es\/en-porec-se-completan-los-preparativos-para-el-campeonato-mundial\/\" target=\"_self\"  ><img loading=\"lazy\" decoding=\"async\" width=\"1200\" height=\"900\" src=\"https:\/\/itftkd.sport\/es\/wp-content\/uploads\/sites\/7\/2025\/10\/WC2025_DanielSchmidt_Day_6.jpg\" class=\"attachment-post-thumbnail size-post-thumbnail wp-post-image\" alt=\"En Pore\u010d se completan los preparativos para el Campeonato Mundial\" style=\"object-fit:cover;\" srcset=\"https:\/\/itftkd.sport\/es\/wp-content\/uploads\/sites\/7\/2025\/10\/WC2025_DanielSchmidt_Day_6.jpg 1200w, https:\/\/itftkd.sport\/es\/wp-content\/uploads\/sites\/7\/2025\/10\/WC2025_DanielSchmidt_Day_6-300x225.jpg 300w, https:\/\/itftkd.sport\/es\/wp-content\/uploads\/sites\/7\/2025\/10\/WC2025_DanielSchmidt_Day_6-1024x768.jpg 1024w, https:\/\/itftkd.sport\/es\/wp-content\/uploads\/sites\/7\/2025\/10\/WC2025_DanielSchmidt_Day_6-768x576.jpg 768w, https:\/\/itftkd.sport\/es\/wp-content\/uploads\/sites\/7\/2025\/10\/WC2025_DanielSchmidt_Day_6-800x600.jpg 800w, https:\/\/itftkd.sport\/es\/wp-content\/uploads\/sites\/7\/2025\/10\/WC2025_DanielSchmidt_Day_6-550x413.jpg 550w, https:\/\/itftkd.sport\/es\/wp-content\/uploads\/sites\/7\/2025\/10\/WC2025_DanielSchmidt_Day_6-350x263.jpg 350w, https:\/\/itftkd.sport\/es\/wp-content\/uploads\/sites\/7\/2025\/10\/WC2025_DanielSchmidt_Day_6-260x195.jpg 260w\" sizes=\"auto, (max-width: 1200px) 100vw, 1200px\" \/><\/a><\/figure><\/div>\n\n\n\n<div class=\"wp-block-column is-layout-flow wp-block-column-is-layout-flow\" style=\"flex-basis:55%\"><h2 class=\"wp-block-post-title has-text-color has-vivid-red-color\"><a href=\"https:\/\/itftkd.sport\/es\/en-porec-se-completan-los-preparativos-para-el-campeonato-mundial\/\" target=\"_self\" >En Pore\u010d se completan los preparativos para el Campeonato Mundial<\/a><\/h2>\n\n<div class=\"wp-block-post-date has-small-font-size\"><time datetime=\"2025-10-07T17:37:38+02:00\">octubre 7, 2025<\/time><\/div>\n\n<div class=\"has-text-align-left wp-block-post-excerpt\"><p class=\"wp-block-post-excerpt__excerpt\">En v\u00edsperas del Campeonato Mundial de Taekwon-Do ITF 2025, el ambiente en Pore\u010d, Croacia, ya rebosaba energ\u00eda, colaboraci\u00f3n y expectaci\u00f3n. Un d\u00eda antes del inicio de los primeros combates, organizadores,<\/p><p class=\"wp-block-post-excerpt__more-text\"><a class=\"wp-block-post-excerpt__more-link\" href=\"https:\/\/itftkd.sport\/es\/en-porec-se-completan-los-preparativos-para-el-campeonato-mundial\/\">Read more<\/a><\/p><\/div><\/div>\n<\/div>\n\n<\/li><li class=\"wp-block-post post-32823 post type-post status-publish format-standard has-post-thumbnail category-ultimas-noticias category-world-campionship-2025 entry\">\n\n<div class=\"wp-block-columns has-background is-layout-flex wp-container-core-columns-is-layout-9d6595d7 wp-block-columns-is-layout-flex\" style=\"background-color:#e4e4e4\">\n<div class=\"wp-block-column is-layout-flow wp-block-column-is-layout-flow\" style=\"flex-basis:40%\"><figure class=\"wp-block-post-featured-image\"><a href=\"https:\/\/itftkd.sport\/es\/los-preparativos-finales-estan-en-marcha-en-porec\/\" target=\"_self\"  ><img loading=\"lazy\" decoding=\"async\" width=\"1200\" height=\"899\" src=\"https:\/\/itftkd.sport\/es\/wp-content\/uploads\/sites\/7\/2025\/10\/WC2025_ID_cards.jpg\" class=\"attachment-post-thumbnail size-post-thumbnail wp-post-image\" alt=\"Los preparativos finales est\u00e1n en marcha en Pore\u010d\" style=\"object-fit:cover;\" srcset=\"https:\/\/itftkd.sport\/es\/wp-content\/uploads\/sites\/7\/2025\/10\/WC2025_ID_cards.jpg 1200w, https:\/\/itftkd.sport\/es\/wp-content\/uploads\/sites\/7\/2025\/10\/WC2025_ID_cards-300x225.jpg 300w, https:\/\/itftkd.sport\/es\/wp-content\/uploads\/sites\/7\/2025\/10\/WC2025_ID_cards-1024x767.jpg 1024w, https:\/\/itftkd.sport\/es\/wp-content\/uploads\/sites\/7\/2025\/10\/WC2025_ID_cards-768x575.jpg 768w, https:\/\/itftkd.sport\/es\/wp-content\/uploads\/sites\/7\/2025\/10\/WC2025_ID_cards-800x600.jpg 800w, https:\/\/itftkd.sport\/es\/wp-content\/uploads\/sites\/7\/2025\/10\/WC2025_ID_cards-550x413.jpg 550w, https:\/\/itftkd.sport\/es\/wp-content\/uploads\/sites\/7\/2025\/10\/WC2025_ID_cards-350x263.jpg 350w, https:\/\/itftkd.sport\/es\/wp-content\/uploads\/sites\/7\/2025\/10\/WC2025_ID_cards-260x195.jpg 260w\" sizes=\"auto, (max-width: 1200px) 100vw, 1200px\" \/><\/a><\/figure><\/div>\n\n\n\n<div class=\"wp-block-column is-layout-flow wp-block-column-is-layout-flow\" style=\"flex-basis:55%\"><h2 class=\"wp-block-post-title has-text-color has-vivid-red-color\"><a href=\"https:\/\/itftkd.sport\/es\/los-preparativos-finales-estan-en-marcha-en-porec\/\" target=\"_self\" >Los preparativos finales est\u00e1n en marcha en Pore\u010d<\/a><\/h2>\n\n<div class=\"wp-block-post-date has-small-font-size\"><time datetime=\"2025-10-06T21:40:45+02:00\">octubre 6, 2025<\/time><\/div>\n\n<div class=\"has-text-align-left wp-block-post-excerpt\"><p class=\"wp-block-post-excerpt__excerpt\">A solo dos d\u00edas del inicio del Campeonato Mundial de Taekwon-Do ITF 2025, Pore\u010d, Croacia, rebosa energ\u00eda y expectaci\u00f3n. Las delegaciones finales llegaron hoy, completando la llegada de equipos de<\/p><p class=\"wp-block-post-excerpt__more-text\"><a class=\"wp-block-post-excerpt__more-link\" href=\"https:\/\/itftkd.sport\/es\/los-preparativos-finales-estan-en-marcha-en-porec\/\">Read more<\/a><\/p><\/div><\/div>\n<\/div>\n\n<\/li><\/ul>\n\n<nav class=\"wp-block-query-pagination is-content-justification-center is-layout-flex wp-container-core-query-pagination-is-layout-16018d1d wp-block-query-pagination-is-layout-flex\" aria-label=\"Paginaci\u00f3n\">\n\n\n<div class=\"wp-block-query-pagination-numbers\"><span aria-current=\"page\" class=\"page-numbers current\">1<\/span>\n<a class=\"page-numbers\" href=\"?query-21-page=2\">2<\/a>\n<a class=\"page-numbers\" href=\"?query-21-page=3\">3<\/a><\/div>\n\n<a href=\"\/es\/wp-json\/wp\/v2\/pages\/32082?query-21-page=2\" class=\"wp-block-query-pagination-next\">P\u00e1gina siguiente<span class='wp-block-query-pagination-next-arrow is-arrow-arrow' aria-hidden='true'>\u2192<\/span><\/a>\n<\/nav><\/div>\n","protected":false},"excerpt":{"rendered":"","protected":false},"author":10,"featured_media":32083,"parent":0,"menu_order":0,"comment_status":"closed","ping_status":"closed","template":"","meta":{"_tec_requires_first_save":true,"_uag_custom_page_level_css":"","_genesis_hide_title":false,"_genesis_hide_breadcrumbs":false,"_genesis_hide_singular_image":false,"_genesis_hide_footer_widgets":false,"_genesis_custom_body_class":"","_genesis_custom_post_class":"","_genesis_layout":"","_EventAllDay":false,"_EventTimezone":"","_EventStartDate":"","_EventEndDate":"","_EventStartDateUTC":"","_EventEndDateUTC":"","_EventShowMap":false,"_EventShowMapLink":false,"_EventURL":"","_EventCost":"","_EventCostDescription":"","_EventCurrencySymbol":"","_EventCurrencyCode":"","_EventCurrencyPosition":"","_EventDateTimeSeparator":"","_EventTimeRangeSeparator":"","_EventOrganizerID":[],"_EventVenueID":[],"_OrganizerEmail":"","_OrganizerPhone":"","_OrganizerWebsite":"","_VenueAddress":"","_VenueCity":"","_VenueCountry":"","_VenueProvince":"","_VenueState":"","_VenueZip":"","_VenuePhone":"","_VenueURL":"","_VenueStateProvince":"","_VenueLat":"","_VenueLng":"","_VenueShowMap":false,"_VenueShowMapLink":false,"_tribe_blocks_recurrence_rules":"","_tribe_blocks_recurrence_description":"","_tribe_blocks_recurrence_exclusions":"","editor_notices":[],"footnotes":""},"class_list":["post-32082","page","type-page","status-publish","has-post-thumbnail","entry"],"featured_image_src":"https:\/\/itftkd.sport\/es\/wp-content\/uploads\/sites\/7\/2025\/03\/WC2025_banner-600x400.jpg","featured_image_src_square":"https:\/\/itftkd.sport\/es\/wp-content\/uploads\/sites\/7\/2025\/03\/WC2025_banner-600x545.jpg","uagb_featured_image_src":{"full":["https:\/\/itftkd.sport\/es\/wp-content\/uploads\/sites\/7\/2025\/03\/WC2025_banner.jpg",1200,545,false],"thumbnail":["https:\/\/itftkd.sport\/es\/wp-content\/uploads\/sites\/7\/2025\/03\/WC2025_banner-150x150.jpg",150,150,true],"medium":["https:\/\/itftkd.sport\/es\/wp-content\/uploads\/sites\/7\/2025\/03\/WC2025_banner-300x136.jpg",300,136,true],"medium_large":["https:\/\/itftkd.sport\/es\/wp-content\/uploads\/sites\/7\/2025\/03\/WC2025_banner-768x349.jpg",768,349,true],"large":["https:\/\/itftkd.sport\/es\/wp-content\/uploads\/sites\/7\/2025\/03\/WC2025_banner-1024x465.jpg",1024,465,true],"1536x1536":["https:\/\/itftkd.sport\/es\/wp-content\/uploads\/sites\/7\/2025\/03\/WC2025_banner.jpg",1200,545,false],"2048x2048":["https:\/\/itftkd.sport\/es\/wp-content\/uploads\/sites\/7\/2025\/03\/WC2025_banner.jpg",1200,545,false],"banner":["https:\/\/itftkd.sport\/es\/wp-content\/uploads\/sites\/7\/2025\/03\/WC2025_banner-1200x533.jpg",1200,533,true],"section":["https:\/\/itftkd.sport\/es\/wp-content\/uploads\/sites\/7\/2025\/03\/WC2025_banner.jpg",1200,545,false],"full-width":["https:\/\/itftkd.sport\/es\/wp-content\/uploads\/sites\/7\/2025\/03\/WC2025_banner.jpg",1200,545,false],"featured":["https:\/\/itftkd.sport\/es\/wp-content\/uploads\/sites\/7\/2025\/03\/WC2025_banner-800x545.jpg",800,545,true],"one-half":["https:\/\/itftkd.sport\/es\/wp-content\/uploads\/sites\/7\/2025\/03\/WC2025_banner-550x413.jpg",550,413,true],"one-third":["https:\/\/itftkd.sport\/es\/wp-content\/uploads\/sites\/7\/2025\/03\/WC2025_banner-350x263.jpg",350,263,true],"one-fourth":["https:\/\/itftkd.sport\/es\/wp-content\/uploads\/sites\/7\/2025\/03\/WC2025_banner-260x195.jpg",260,195,true],"tiny":["https:\/\/itftkd.sport\/es\/wp-content\/uploads\/sites\/7\/2025\/03\/WC2025_banner-80x80.jpg",80,80,true],"ab-block-post-grid-landscape":["https:\/\/itftkd.sport\/es\/wp-content\/uploads\/sites\/7\/2025\/03\/WC2025_banner-600x400.jpg",600,400,true],"ab-block-post-grid-square":["https:\/\/itftkd.sport\/es\/wp-content\/uploads\/sites\/7\/2025\/03\/WC2025_banner-600x545.jpg",600,545,true],"gform-image-choice-sm":["https:\/\/itftkd.sport\/es\/wp-content\/uploads\/sites\/7\/2025\/03\/WC2025_banner.jpg",300,136,false],"gform-image-choice-md":["https:\/\/itftkd.sport\/es\/wp-content\/uploads\/sites\/7\/2025\/03\/WC2025_banner.jpg",400,182,false],"gform-image-choice-lg":["https:\/\/itftkd.sport\/es\/wp-content\/uploads\/sites\/7\/2025\/03\/WC2025_banner.jpg",600,273,false]},"uagb_author_info":{"display_name":"ivan","author_link":"https:\/\/itftkd.sport\/es\/author\/ivan\/"},"uagb_comment_info":0,"uagb_excerpt":null,"_links":{"self":[{"href":"https:\/\/itftkd.sport\/es\/wp-json\/wp\/v2\/pages\/32082","targetHints":{"allow":["GET"]}}],"collection":[{"href":"https:\/\/itftkd.sport\/es\/wp-json\/wp\/v2\/pages"}],"about":[{"href":"https:\/\/itftkd.sport\/es\/wp-json\/wp\/v2\/types\/page"}],"author":[{"embeddable":true,"href":"https:\/\/itftkd.sport\/es\/wp-json\/wp\/v2\/users\/10"}],"replies":[{"embeddable":true,"href":"https:\/\/itftkd.sport\/es\/wp-json\/wp\/v2\/comments?post=32082"}],"version-history":[{"count":2,"href":"https:\/\/itftkd.sport\/es\/wp-json\/wp\/v2\/pages\/32082\/revisions"}],"predecessor-version":[{"id":32388,"href":"https:\/\/itftkd.sport\/es\/wp-json\/wp\/v2\/pages\/32082\/revisions\/32388"}],"wp:featuredmedia":[{"embeddable":true,"href":"https:\/\/itftkd.sport\/es\/wp-json\/wp\/v2\/media\/32083"}],"wp:attachment":[{"href":"https:\/\/itftkd.sport\/es\/wp-json\/wp\/v2\/media?parent=32082"}],"curies":[{"name":"wp","href":"https:\/\/api.w.org\/{rel}","templated":true}]}}