{"id":13870,"date":"2020-02-09T00:31:04","date_gmt":"2020-02-08T23:31:04","guid":{"rendered":"http:\/\/itftkd.local\/?page_id=13870"},"modified":"2026-03-29T14:07:13","modified_gmt":"2026-03-29T12:07:13","slug":"home","status":"publish","type":"page","link":"https:\/\/itftkd.sport\/es\/","title":{"rendered":"P\u00e1gina de inicio"},"content":{"rendered":"\n<div class=\"alignnormal\"><div id=\"metaslider-id-14228\" style=\"width: 100%;\" class=\"ml-slider-3-108-0 metaslider metaslider-flex metaslider-14228 ml-slider has-dots-nav ms-theme-default\" role=\"region\" aria-label=\"Home Slider2\" data-height=\"545\" data-width=\"1200\">\n    <div id=\"metaslider_container_14228\">\n        <div id=\"metaslider_14228\">\n            <ul class='slides'>\n                <li style=\"display: block; width: 100%;\" class=\"slide-37197 ms-image \" aria-roledescription=\"slide\" data-date=\"2026-01-03 09:49:14\" data-filename=\"World-Cup-2026-slider.jpg\" data-slide-type=\"image\"><a href=\"https:\/\/itftkd.sport\/es\/event\/itf-world-cup-2026\/\" target=\"_self\" aria-label=\"Ver detalles de la diapositiva\" class=\"metaslider_image_link\"><img loading=\"lazy\" decoding=\"async\" src=\"https:\/\/itftkd.sport\/es\/wp-content\/uploads\/sites\/7\/2026\/01\/World-Cup-2026-slider.jpg\" height=\"545\" width=\"1200\" alt=\"\" class=\"slider-14228 slide-37197 msDefaultImage\" title=\"World Cup 2026 slider\" \/><\/a><\/li>\n                <li style=\"display: none; width: 100%;\" class=\"slide-33868 ms-image \" aria-roledescription=\"slide\" data-date=\"2025-11-09 11:39:55\" data-filename=\"20251109_BirthdayChoi_slider.jpg\" data-slide-type=\"image\"><a href=\"https:\/\/itftkd.sport\/es\/celebrando-el-legado-del-general-choi-hong-hi\/\" target=\"_self\" aria-label=\"Ver detalles de la diapositiva\" class=\"metaslider_image_link\"><img loading=\"lazy\" decoding=\"async\" src=\"https:\/\/itftkd.sport\/es\/wp-content\/uploads\/sites\/7\/2025\/11\/20251109_BirthdayChoi_slider.jpg\" height=\"545\" width=\"1200\" alt=\"\" class=\"slider-14228 slide-33868 msDefaultImage\" title=\"20251109_BirthdayChoi_slider\" \/><\/a><\/li>\n                <li style=\"display: none; width: 100%;\" class=\"slide-31188 ms-image \" aria-roledescription=\"slide\" data-date=\"2024-05-10 14:19:10\" data-filename=\"Courtesy-Rayn-1200x545-1.jpg\" data-slide-type=\"image\"><img loading=\"lazy\" decoding=\"async\" src=\"https:\/\/itftkd.sport\/es\/wp-content\/uploads\/sites\/7\/2024\/06\/Courtesy-Rayn-1200x545-1.jpg\" height=\"545\" width=\"1200\" alt=\"\" class=\"slider-14228 slide-31188 msDefaultImage\" title=\"Courtesy-Campaing-Rayn-1200x545\" \/><\/li>\n                <li style=\"display: none; width: 100%;\" class=\"slide-30480 ms-image \" aria-roledescription=\"slide\" data-date=\"2023-11-12 00:39:18\" data-filename=\"BoD-ITF-final-12-2023.jpg\" data-slide-type=\"image\"><img loading=\"lazy\" decoding=\"async\" src=\"https:\/\/itftkd.sport\/es\/wp-content\/uploads\/sites\/7\/2023\/12\/BoD-ITF-final-12-2023.jpg\" height=\"545\" width=\"1200\" alt=\"\" class=\"slider-14228 slide-30480 msDefaultImage\" title=\"BoD-ITF-final-12-2023\" \/><\/li>\n                <li style=\"display: none; width: 100%;\" class=\"slide-27480 ms-image \" aria-roledescription=\"slide\" data-date=\"2022-03-21 04:36:36\" data-filename=\"Presidentes-de-la-ITF.png\" data-slide-type=\"image\"><img loading=\"lazy\" decoding=\"async\" src=\"https:\/\/itftkd.sport\/es\/wp-content\/uploads\/sites\/7\/2023\/03\/Presidentes-de-la-ITF.png\" height=\"545\" width=\"1200\" alt=\"\" class=\"slider-14228 slide-27480 msDefaultImage\" title=\"slider-presidentes-de-la-ITF\" \/><\/li>\n            <\/ul>\n        <\/div>\n        \n    <\/div>\n<\/div><\/div>\n\n\n\n<div class=\"wp-block-uagb-container uagb-block-9537223a default uagb-is-root-container\">\n<div class=\"wp-block-uagb-container uagb-block-660cac51 default uagb-is-root-container\">\n<div class=\"wp-block-uagb-container uagb-block-a1973101\">\n<div class=\"wp-block-uagb-image uagb-block-13c00a8c wp-block-uagb-image--layout-default wp-block-uagb-image--effect-static wp-block-uagb-image--align-none\"><figure class=\"wp-block-uagb-image__figure\"><img decoding=\"async\"  sizes=\"auto, (max-width: 480px) 150px\" src=\"https:\/\/itftkd.sport\/wp-content\/uploads\/2026\/03\/ITF-Together-logo-blanco.png\" alt=\"\" width=\"600\" height=\"424\" title=\"\" loading=\"lazy\" role=\"img\"\/><\/figure><\/div>\n<\/div>\n\n\n\n<div class=\"wp-block-uagb-container uagb-block-486bfb42\">\n<div class=\"wp-block-uagb-advanced-heading uagb-block-dac3b0a5\"><h2 class=\"uagb-heading-text\"><strong>RECIBA LAS PRINCIPALES NOTICIAS EN SU EMAIL<\/strong><\/h2><\/div>\n<\/div>\n\n\n\n<div class=\"wp-block-uagb-container uagb-block-d36ed666\">\n<div class=\"wp-block-uagb-buttons uagb-buttons__outer-wrap uagb-btn__default-btn uagb-btn-tablet__default-btn uagb-btn-mobile__default-btn uagb-block-987b91c7\"><div class=\"uagb-buttons__wrap uagb-buttons-layout-wrap \">\n<div class=\"wp-block-uagb-buttons-child uagb-buttons__outer-wrap uagb-block-e64f0095 wp-block-button\"><div class=\"uagb-button__wrapper\"><a class=\"uagb-buttons-repeater wp-block-button__link\" aria-label=\"\" href=\"https:\/\/itftkd.sport\/es\/suscripcion-a-itf-together\/\" rel=\"follow noopener\" target=\"_self\" role=\"button\"><div class=\"uagb-button__link\">Suscribase ya!<\/div><\/a><\/div><\/div>\n<\/div><\/div>\n<\/div>\n<\/div>\n<\/div>\n\n\n\n<div class=\"wp-block-uagb-container uagb-block-15cb33f6 default uagb-is-root-container\">\n<div class=\"wp-block-uagb-container uagb-block-67f45cee\">\n<div class=\"wp-block-uagb-advanced-heading uagb-block-579455a9\"><h2 class=\"uagb-heading-text\">Sal\u00f3n de la Fama<\/h2><\/div>\n<a class=\"spectra-container-link-overlay\" rel=\"noopener\" href=\"https:\/\/itftkd.sport\/es\/salon-de-la-fama\/\"> <\/a><\/div>\n\n\n\n<div class=\"wp-block-uagb-container uagb-block-2e809f07\">\n<div class=\"wp-block-uagb-advanced-heading uagb-block-51c6b3d5\"><h2 class=\"uagb-heading-text\">\u00danete a la ITF<\/h2><\/div>\n<a class=\"spectra-container-link-overlay\" rel=\"noopener\" href=\"https:\/\/itftkd.sport\/es\/unete-a-la-itf\"> <\/a><\/div>\n\n\n\n<div class=\"wp-block-uagb-container uagb-block-55744ae0\">\n<div class=\"wp-block-uagb-advanced-heading uagb-block-3d7b067c\"><h2 class=\"uagb-heading-text\"><strong>Centro de informaci\u00f3n sobre acoso<\/strong><\/h2><\/div>\n<a class=\"spectra-container-link-overlay\" rel=\"noopener\" href=\"https:\/\/itftkd.sport\/es\/centro-de-informacion-sobre-acoso\/\"> <\/a><\/div>\n<\/div>\n\n\n\n<h2 class=\"wp-block-heading heads_home\">Noticias Destacadas<\/h2>\n\n\n\n\t\t\t<div class=\"wp-block-uagb-post-grid uagb-post-grid  uagb-post__image-position-top uagb-post__image-enabled uagb-block-b105f06e     uagb-post__items uagb-post__columns-2 is-grid uagb-post__columns-tablet-2 uagb-post__columns-mobile-1 uagb-post__equal-height\" data-total=\"122\" style=\"\">\n\n\t\t\t\t\t\t\t\t\t\t\t\t<article class=\"uagb-post__inner-wrap\">\t\t\t\t\t\t\t\t<div class='uagb-post__image'>\n\t\t\t\t\t\t\t\t\t<a href=\"https:\/\/itftkd.sport\/es\/new-itf-treasurer-sbn-cosmin-oprescu\/\" target=\"_self\" rel=\"bookmark noopener noreferrer\" class='uagb-image-ratio-inherit'><img loading=\"lazy\" decoding=\"async\" width=\"800\" height=\"600\" src=\"https:\/\/itftkd.sport\/es\/wp-content\/uploads\/sites\/7\/2026\/04\/Sbn-Oprescu-feature.jpg\" class=\"attachment-large size-large\" alt=\"\" srcset=\"https:\/\/itftkd.sport\/es\/wp-content\/uploads\/sites\/7\/2026\/04\/Sbn-Oprescu-feature.jpg 800w, https:\/\/itftkd.sport\/es\/wp-content\/uploads\/sites\/7\/2026\/04\/Sbn-Oprescu-feature-300x225.jpg 300w, https:\/\/itftkd.sport\/es\/wp-content\/uploads\/sites\/7\/2026\/04\/Sbn-Oprescu-feature-768x576.jpg 768w, https:\/\/itftkd.sport\/es\/wp-content\/uploads\/sites\/7\/2026\/04\/Sbn-Oprescu-feature-550x413.jpg 550w, https:\/\/itftkd.sport\/es\/wp-content\/uploads\/sites\/7\/2026\/04\/Sbn-Oprescu-feature-350x263.jpg 350w, https:\/\/itftkd.sport\/es\/wp-content\/uploads\/sites\/7\/2026\/04\/Sbn-Oprescu-feature-260x195.jpg 260w\" sizes=\"auto, (max-width: 800px) 100vw, 800px\" \/>\t\t\t\t\t<\/a>\n\t\t\t\t\t\t\t<\/div>\n\t\t\t\t\t\t<h4 class=\"uagb-post__title uagb-post__text\">\n\t\t\t\t<a href=\"https:\/\/itftkd.sport\/es\/new-itf-treasurer-sbn-cosmin-oprescu\/\" target=\"_self\" rel=\"bookmark noopener noreferrer\">Nuevo Tesorero de la ITF: Sbn Cosmin Oprescu<\/a>\n\t\t\t<\/h4>\n\t\t\t\t\t\t<div class='uagb-post__text uagb-post-grid-byline'>\n\t\t\t\t\t\t\t\t<time datetime=\"2026-04-25T15:00:55+02:00\" class=\"uagb-post__date\">\n\t\t\t\t<span class=\"dashicons-calendar dashicons\"><\/span>\t\t\t\t\tabril 25, 2026\t\t\t\t<\/time>\n\t\t\t\t\t\t<\/div>\n\t\t\t\t\t\t<div class=\"uagb-post__text uagb-post__cta wp-block-button\">\n\t\t\t\t<a class=\"wp-block-button__link uagb-text-link\" style=\"\" href=\"https:\/\/itftkd.sport\/es\/new-itf-treasurer-sbn-cosmin-oprescu\/\" target=\"_self\" rel=\"bookmark noopener noreferrer\">Leer m\u00e1s<\/a>\n\t\t\t<\/div>\n\t\t\t\n\t\t\t\t\t\t\t\t\t<\/article>\n\t\t\t\t\t\t\t\t\t\t\t\t\t\t\t\t<article class=\"uagb-post__inner-wrap\">\t\t\t\t\t\t\t\t<div class='uagb-post__image'>\n\t\t\t\t\t\t\t\t\t<a href=\"https:\/\/itftkd.sport\/es\/192-iic-trois-rivieres-quebec-canada\/\" target=\"_self\" rel=\"bookmark noopener noreferrer\" class='uagb-image-ratio-inherit'><img loading=\"lazy\" decoding=\"async\" width=\"800\" height=\"600\" src=\"https:\/\/itftkd.sport\/es\/wp-content\/uploads\/sites\/7\/2025\/06\/Featured-IIC-Higlight-Reporte-800x600-1.jpg\" class=\"attachment-large size-large\" alt=\"\" srcset=\"https:\/\/itftkd.sport\/es\/wp-content\/uploads\/sites\/7\/2025\/06\/Featured-IIC-Higlight-Reporte-800x600-1.jpg 800w, https:\/\/itftkd.sport\/es\/wp-content\/uploads\/sites\/7\/2025\/06\/Featured-IIC-Higlight-Reporte-800x600-1-300x225.jpg 300w, https:\/\/itftkd.sport\/es\/wp-content\/uploads\/sites\/7\/2025\/06\/Featured-IIC-Higlight-Reporte-800x600-1-768x576.jpg 768w, https:\/\/itftkd.sport\/es\/wp-content\/uploads\/sites\/7\/2025\/06\/Featured-IIC-Higlight-Reporte-800x600-1-550x413.jpg 550w, https:\/\/itftkd.sport\/es\/wp-content\/uploads\/sites\/7\/2025\/06\/Featured-IIC-Higlight-Reporte-800x600-1-350x263.jpg 350w, https:\/\/itftkd.sport\/es\/wp-content\/uploads\/sites\/7\/2025\/06\/Featured-IIC-Higlight-Reporte-800x600-1-260x195.jpg 260w\" sizes=\"auto, (max-width: 800px) 100vw, 800px\" \/>\t\t\t\t\t<\/a>\n\t\t\t\t\t\t\t<\/div>\n\t\t\t\t\t\t<h4 class=\"uagb-post__title uagb-post__text\">\n\t\t\t\t<a href=\"https:\/\/itftkd.sport\/es\/192-iic-trois-rivieres-quebec-canada\/\" target=\"_self\" rel=\"bookmark noopener noreferrer\">192\u00b0 IIC Trois-Rivi\u00e8res, Qu\u00e9bec, Canad\u00e1<\/a>\n\t\t\t<\/h4>\n\t\t\t\t\t\t<div class='uagb-post__text uagb-post-grid-byline'>\n\t\t\t\t\t\t\t\t<time datetime=\"2026-04-13T19:13:44+02:00\" class=\"uagb-post__date\">\n\t\t\t\t<span class=\"dashicons-calendar dashicons\"><\/span>\t\t\t\t\tabril 13, 2026\t\t\t\t<\/time>\n\t\t\t\t\t\t<\/div>\n\t\t\t\t\t\t<div class=\"uagb-post__text uagb-post__cta wp-block-button\">\n\t\t\t\t<a class=\"wp-block-button__link uagb-text-link\" style=\"\" href=\"https:\/\/itftkd.sport\/es\/192-iic-trois-rivieres-quebec-canada\/\" target=\"_self\" rel=\"bookmark noopener noreferrer\">Leer m\u00e1s<\/a>\n\t\t\t<\/div>\n\t\t\t\n\t\t\t\t\t\t\t\t\t<\/article>\n\t\t\t\t\t\t\t\t\t\t\t\t\t\t\t\t<article class=\"uagb-post__inner-wrap\">\t\t\t\t\t\t\t\t<div class='uagb-post__image'>\n\t\t\t\t\t\t\t\t\t<a href=\"https:\/\/itftkd.sport\/es\/personal-changes-in-the-itf-board-of-directors\/\" target=\"_self\" rel=\"bookmark noopener noreferrer\" class='uagb-image-ratio-inherit'><img loading=\"lazy\" decoding=\"async\" width=\"800\" height=\"600\" src=\"https:\/\/itftkd.sport\/es\/wp-content\/uploads\/sites\/7\/2020\/12\/logoitf800x600.jpg\" class=\"attachment-large size-large\" alt=\"logoitf800x600\" srcset=\"https:\/\/itftkd.sport\/es\/wp-content\/uploads\/sites\/7\/2020\/12\/logoitf800x600.jpg 800w, https:\/\/itftkd.sport\/es\/wp-content\/uploads\/sites\/7\/2020\/12\/logoitf800x600-300x225.jpg 300w, https:\/\/itftkd.sport\/es\/wp-content\/uploads\/sites\/7\/2020\/12\/logoitf800x600-768x576.jpg 768w, https:\/\/itftkd.sport\/es\/wp-content\/uploads\/sites\/7\/2020\/12\/logoitf800x600-550x413.jpg 550w, https:\/\/itftkd.sport\/es\/wp-content\/uploads\/sites\/7\/2020\/12\/logoitf800x600-350x263.jpg 350w, https:\/\/itftkd.sport\/es\/wp-content\/uploads\/sites\/7\/2020\/12\/logoitf800x600-260x195.jpg 260w\" sizes=\"auto, (max-width: 800px) 100vw, 800px\" \/>\t\t\t\t\t<\/a>\n\t\t\t\t\t\t\t<\/div>\n\t\t\t\t\t\t<h4 class=\"uagb-post__title uagb-post__text\">\n\t\t\t\t<a href=\"https:\/\/itftkd.sport\/es\/personal-changes-in-the-itf-board-of-directors\/\" target=\"_self\" rel=\"bookmark noopener noreferrer\">Cambios de personal en la ITF<\/a>\n\t\t\t<\/h4>\n\t\t\t\t\t\t<div class='uagb-post__text uagb-post-grid-byline'>\n\t\t\t\t\t\t\t\t<time datetime=\"2026-03-29T21:22:08+02:00\" class=\"uagb-post__date\">\n\t\t\t\t<span class=\"dashicons-calendar dashicons\"><\/span>\t\t\t\t\tmarzo 29, 2026\t\t\t\t<\/time>\n\t\t\t\t\t\t<\/div>\n\t\t\t\t\t\t<div class=\"uagb-post__text uagb-post__cta wp-block-button\">\n\t\t\t\t<a class=\"wp-block-button__link uagb-text-link\" style=\"\" href=\"https:\/\/itftkd.sport\/es\/personal-changes-in-the-itf-board-of-directors\/\" target=\"_self\" rel=\"bookmark noopener noreferrer\">Leer m\u00e1s<\/a>\n\t\t\t<\/div>\n\t\t\t\n\t\t\t\t\t\t\t\t\t<\/article>\n\t\t\t\t\t\t\t\t\t\t\t\t\t\t\t\t<article class=\"uagb-post__inner-wrap\">\t\t\t\t\t\t\t\t<div class='uagb-post__image'>\n\t\t\t\t\t\t\t\t\t<a href=\"https:\/\/itftkd.sport\/es\/itf60-the-dream-of-the-young-and-sickly-calligraphy-student\/\" target=\"_self\" rel=\"bookmark noopener noreferrer\" class='uagb-image-ratio-inherit'><img loading=\"lazy\" decoding=\"async\" width=\"800\" height=\"600\" src=\"https:\/\/itftkd.sport\/es\/wp-content\/uploads\/sites\/7\/2026\/03\/ITF60_feature.jpg\" class=\"attachment-large size-large\" alt=\"\" srcset=\"https:\/\/itftkd.sport\/es\/wp-content\/uploads\/sites\/7\/2026\/03\/ITF60_feature.jpg 800w, https:\/\/itftkd.sport\/es\/wp-content\/uploads\/sites\/7\/2026\/03\/ITF60_feature-300x225.jpg 300w, https:\/\/itftkd.sport\/es\/wp-content\/uploads\/sites\/7\/2026\/03\/ITF60_feature-768x576.jpg 768w, https:\/\/itftkd.sport\/es\/wp-content\/uploads\/sites\/7\/2026\/03\/ITF60_feature-550x413.jpg 550w, https:\/\/itftkd.sport\/es\/wp-content\/uploads\/sites\/7\/2026\/03\/ITF60_feature-350x263.jpg 350w, https:\/\/itftkd.sport\/es\/wp-content\/uploads\/sites\/7\/2026\/03\/ITF60_feature-260x195.jpg 260w\" sizes=\"auto, (max-width: 800px) 100vw, 800px\" \/>\t\t\t\t\t<\/a>\n\t\t\t\t\t\t\t<\/div>\n\t\t\t\t\t\t<h4 class=\"uagb-post__title uagb-post__text\">\n\t\t\t\t<a href=\"https:\/\/itftkd.sport\/es\/itf60-the-dream-of-the-young-and-sickly-calligraphy-student\/\" target=\"_self\" rel=\"bookmark noopener noreferrer\">#ITF60: El sue\u00f1o del joven y enfermizo estudiante de caligraf\u00eda<\/a>\n\t\t\t<\/h4>\n\t\t\t\t\t\t<div class='uagb-post__text uagb-post-grid-byline'>\n\t\t\t\t\t\t\t\t<time datetime=\"2026-03-22T07:00:00+01:00\" class=\"uagb-post__date\">\n\t\t\t\t<span class=\"dashicons-calendar dashicons\"><\/span>\t\t\t\t\tmarzo 22, 2026\t\t\t\t<\/time>\n\t\t\t\t\t\t<\/div>\n\t\t\t\t\t\t<div class=\"uagb-post__text uagb-post__cta wp-block-button\">\n\t\t\t\t<a class=\"wp-block-button__link uagb-text-link\" style=\"\" href=\"https:\/\/itftkd.sport\/es\/itf60-the-dream-of-the-young-and-sickly-calligraphy-student\/\" target=\"_self\" rel=\"bookmark noopener noreferrer\">Leer m\u00e1s<\/a>\n\t\t\t<\/div>\n\t\t\t\n\t\t\t\t\t\t\t\t\t<\/article>\n\t\t\t\t\t\t\t\t\t\t\t<\/div>\n\t\t\t\n\n\n<div class=\"wp-block-columns is-layout-flex wp-container-core-columns-is-layout-9d6595d7 wp-block-columns-is-layout-flex\">\n<div class=\"wp-block-column is-layout-flow wp-block-column-is-layout-flow\">\n<div class=\"wp-block-uagb-image uagb-block-e0302c3b wp-block-uagb-image--layout-default wp-block-uagb-image--effect-zoomin wp-block-uagb-image--align-none\"><figure class=\"wp-block-uagb-image__figure\"><a class=\"\" href=\"https:\/\/data.itftkd.sport\/\" target=\"_blank\" rel=\"noreferrer noopener\"><img decoding=\"async\" srcset=\"https:\/\/itftkd.sport\/wp-content\/uploads\/2020\/03\/itf-online-hover-1024x588.jpg ,https:\/\/itftkd.sport\/wp-content\/uploads\/2020\/03\/itf-online-hover.jpg 780w, https:\/\/itftkd.sport\/wp-content\/uploads\/2020\/03\/itf-online-hover.jpg 360w\" sizes=\"auto, (max-width: 480px) 150px\" src=\"https:\/\/itftkd.sport\/wp-content\/uploads\/2020\/03\/itf-online-hover-1024x588.jpg\" alt=\"Banner with link to ITF Online\" class=\"uag-image-15442\" width=\"1024\" height=\"588\" title=\"Banner with link to ITF Online\" loading=\"lazy\" role=\"img\"\/><\/a><\/figure><\/div>\n<\/div>\n\n\n\n<div class=\"wp-block-column is-layout-flow wp-block-column-is-layout-flow\">\n<div class=\"wp-block-uagb-image uagb-block-8ea41f29 wp-block-uagb-image--layout-default wp-block-uagb-image--effect-zoomin wp-block-uagb-image--align-none\"><figure class=\"wp-block-uagb-image__figure\"><a class=\"\" href=\"https:\/\/itftkd.sport\/es\/world-championship-2025\/\" target=\"\" rel=\"noopener\"><img decoding=\"async\" srcset=\"https:\/\/itftkd.sport\/es\/wp-content\/uploads\/sites\/7\/2025\/03\/WC2025_Porec_1.jpg ,https:\/\/itftkd.sport\/es\/wp-content\/uploads\/sites\/7\/2025\/03\/WC2025_Porec_1.jpg 780w, https:\/\/itftkd.sport\/es\/wp-content\/uploads\/sites\/7\/2025\/03\/WC2025_Porec_1.jpg 360w\" sizes=\"auto, (max-width: 480px) 150px\" src=\"https:\/\/itftkd.sport\/es\/wp-content\/uploads\/sites\/7\/2025\/03\/WC2025_Porec_1.jpg\" alt=\"\" class=\"uag-image-32084\" width=\"1024\" height=\"588\" title=\"WC2025_Porec_1\" loading=\"lazy\" role=\"img\"\/><\/a><\/figure><\/div>\n<\/div>\n\n\n\n<div class=\"wp-block-column is-layout-flow wp-block-column-is-layout-flow\">\n<div class=\"wp-block-uagb-image uagb-block-a7d7121d wp-block-uagb-image--layout-default wp-block-uagb-image--effect-zoomin wp-block-uagb-image--align-none\"><figure class=\"wp-block-uagb-image__figure\"><a class=\"\" href=\"https:\/\/itftkd.sport\/exam-online-for-international-instructor\/\" target=\"\" rel=\"noopener\"><img decoding=\"async\" srcset=\"https:\/\/itftkd.sport\/wp-content\/uploads\/2020\/03\/exam-online-hover-1024x588.jpg ,https:\/\/itftkd.sport\/wp-content\/uploads\/2020\/03\/exam-online-hover.jpg 780w, https:\/\/itftkd.sport\/wp-content\/uploads\/2020\/03\/exam-online-hover.jpg 360w\" sizes=\"auto, (max-width: 480px) 150px\" src=\"https:\/\/itftkd.sport\/wp-content\/uploads\/2020\/03\/exam-online-hover-1024x588.jpg\" alt=\"Banner with link to Exam Online\" class=\"uag-image-15515\" width=\"1024\" height=\"588\" title=\"Banner with link to Exam Online\" loading=\"lazy\" role=\"img\"\/><\/a><\/figure><\/div>\n<\/div>\n<\/div>\n\n\n\n<h2 class=\"wp-block-heading heads_home\">Eventos<\/h2>\n\n\n<div  class=\"tribe-compatibility-container tribe-theme-genesis\" ><div\n\t class=\"tribe-common tribe-events tribe-events-view tribe-events-view--photo alignwide tribe-events-view--shortcode tribe-events-view--shortcode-5c70bc0d tribe-events-pro\" \tdata-js=\"tribe-events-view\"\n\tdata-view-rest-url=\"https:\/\/itftkd.sport\/es\/wp-json\/tribe\/views\/v2\/html\"\n\tdata-view-rest-method=\"GET\"\n\tdata-view-manage-url=\"\"\n\t\t\tdata-view-shortcode=\"5c70bc0d\"\n\t\t\t\tdata-view-breakpoint-pointer=\"5c163fb4-3ac9-4af0-9a05-2a9e9266c59f\"\n\t>\n\t<section class=\"tribe-common-l-container tribe-events-l-container\">\n\t\t<div\n\tclass=\"tribe-events-view-loader tribe-common-a11y-hidden\"\n\trole=\"alert\"\n\taria-live=\"polite\"\n>\n\t<span class=\"tribe-events-view-loader__text tribe-common-a11y-visual-hide\">\n\t\t6 eventos encontrados.\t<\/span>\n\t<div class=\"tribe-events-view-loader__dots tribe-common-c-loader\">\n\t\t<svg\n\t class=\"tribe-common-c-svgicon tribe-common-c-svgicon--dot tribe-common-c-loader__dot tribe-common-c-loader__dot--first\" \taria-hidden=\"true\"\n\tviewBox=\"0 0 15 15\"\n\txmlns=\"http:\/\/www.w3.org\/2000\/svg\"\n>\n\t<circle cx=\"7.5\" cy=\"7.5\" r=\"7.5\"\/>\n<\/svg>\n\t\t<svg\n\t class=\"tribe-common-c-svgicon tribe-common-c-svgicon--dot tribe-common-c-loader__dot tribe-common-c-loader__dot--second\" \taria-hidden=\"true\"\n\tviewBox=\"0 0 15 15\"\n\txmlns=\"http:\/\/www.w3.org\/2000\/svg\"\n>\n\t<circle cx=\"7.5\" cy=\"7.5\" r=\"7.5\"\/>\n<\/svg>\n\t\t<svg\n\t class=\"tribe-common-c-svgicon tribe-common-c-svgicon--dot tribe-common-c-loader__dot tribe-common-c-loader__dot--third\" \taria-hidden=\"true\"\n\tviewBox=\"0 0 15 15\"\n\txmlns=\"http:\/\/www.w3.org\/2000\/svg\"\n>\n\t<circle cx=\"7.5\" cy=\"7.5\" r=\"7.5\"\/>\n<\/svg>\n\t<\/div>\n<\/div>\n\n\t\t<script type=\"application\/ld+json\">\r\n[{\"@context\":\"http:\/\/schema.org\",\"@type\":\"Event\",\"name\":\"Curso Internacional del Do (IDC) en l\\u00ednea &#8211; Abril 2026\",\"description\":\"&lt;p&gt;\\u00bfCu\\u00e1les son las fechas y horarios del Curso Internacional del Do (IDC)?El IDC es un curso de dos d\\u00edas. Se entrega a raz\\u00f3n de 6 horas por d\\u00eda para un &hellip;&lt;\/p&gt;\\\\n\",\"image\":\"https:\/\/itftkd.sport\/es\/wp-content\/uploads\/sites\/7\/2025\/12\/Featured-Do-Course-800x600-2026.jpg\",\"url\":\"https:\/\/itftkd.sport\/es\/event\/curso-internacional-del-do-idc-en-linea-abril-2026\/\",\"eventAttendanceMode\":\"https:\/\/schema.org\/OfflineEventAttendanceMode\",\"eventStatus\":\"https:\/\/schema.org\/EventScheduled\",\"startDate\":\"2026-04-19T13:00:00+02:00\",\"endDate\":\"2026-05-03T20:00:00+02:00\",\"performer\":\"Organization\"},{\"@context\":\"http:\/\/schema.org\",\"@type\":\"Event\",\"name\":\"IUC ciudad de Guatemala\",\"description\":\"&lt;p&gt;Encuentre la invitaci\\u00f3n oficial a continuaci\\u00f3n.&lt;\/p&gt;\\\\n\",\"image\":\"https:\/\/itftkd.sport\/es\/wp-content\/uploads\/sites\/7\/2026\/02\/IUC-2026-800X600-01.jpg\",\"url\":\"https:\/\/itftkd.sport\/es\/event\/iuc-ciudad-de-guatemala\/\",\"eventAttendanceMode\":\"https:\/\/schema.org\/OfflineEventAttendanceMode\",\"eventStatus\":\"https:\/\/schema.org\/EventScheduled\",\"startDate\":\"2026-05-24T08:00:00+02:00\",\"endDate\":\"2026-05-27T17:00:00+02:00\",\"performer\":\"Organization\"},{\"@context\":\"http:\/\/schema.org\",\"@type\":\"Event\",\"name\":\"2026 QUIC CANADA\",\"description\":\"&lt;p&gt;Estimados Grandes Maestros, Maestros, Instructores y Alumnos:El Comit\\u00e9 de \\u00c1rbitros de la CTFI, en colaboraci\\u00f3n con la \\u00c9cole Citadelle de Taekwon-Do, tiene el privilegio de invitarlos al 52\\u00ba Curso Internacional &hellip;&lt;\/p&gt;\\\\n\",\"image\":\"https:\/\/itftkd.sport\/es\/wp-content\/uploads\/sites\/7\/2025\/10\/Featured-IUC-Canada-2026.jpg\",\"url\":\"https:\/\/itftkd.sport\/es\/event\/2026-quic-canada\/\",\"eventAttendanceMode\":\"https:\/\/schema.org\/OfflineEventAttendanceMode\",\"eventStatus\":\"https:\/\/schema.org\/EventScheduled\",\"startDate\":\"2026-06-06T00:00:00+02:00\",\"endDate\":\"2026-06-07T23:59:59+02:00\",\"performer\":\"Organization\"},{\"@context\":\"http:\/\/schema.org\",\"@type\":\"Event\",\"name\":\"IUC53 Lima, Peru\",\"description\":\"&lt;p&gt;M\\u00e1s informaci\\u00f3n a continuaci\\u00f3n.&lt;\/p&gt;\\\\n\",\"image\":\"https:\/\/itftkd.sport\/es\/wp-content\/uploads\/sites\/7\/2026\/01\/20260621_IUC_Peru_feature.jpg\",\"url\":\"https:\/\/itftkd.sport\/es\/event\/iuc53-lima-peru\/\",\"eventAttendanceMode\":\"https:\/\/schema.org\/OfflineEventAttendanceMode\",\"eventStatus\":\"https:\/\/schema.org\/EventScheduled\",\"startDate\":\"2026-06-21T00:00:00+02:00\",\"endDate\":\"2026-06-22T23:59:59+02:00\",\"performer\":\"Organization\"},{\"@context\":\"http:\/\/schema.org\",\"@type\":\"Event\",\"name\":\"Campeonato Sudamericano 2026\",\"description\":\"&lt;p&gt;\\ud83c\\udfd4\\ud83c\\uddf5\\ud83c\\uddea EL REGRESO A LA CUNA DE LAS LEYENDAS \\ud83c\\uddf5\\ud83c\\uddea\\ud83c\\udfd4 El continente se re\\u00fane una vez m\\u00e1s en suelo peruano.\\u23f3 Tras el inolvidable Campeonato Sudamericano de 2017, Lima se prepara &hellip;&lt;\/p&gt;\\\\n\",\"image\":\"https:\/\/itftkd.sport\/es\/wp-content\/uploads\/sites\/7\/2025\/12\/20260622_CampeonatoSudamericano_feature.jpg\",\"url\":\"https:\/\/itftkd.sport\/es\/event\/campeonato-sudamericano-2026\/\",\"eventAttendanceMode\":\"https:\/\/schema.org\/OfflineEventAttendanceMode\",\"eventStatus\":\"https:\/\/schema.org\/EventScheduled\",\"startDate\":\"2026-06-22T00:00:00+02:00\",\"endDate\":\"2026-06-27T23:59:59+02:00\",\"performer\":\"Organization\"},{\"@context\":\"http:\/\/schema.org\",\"@type\":\"Event\",\"name\":\"IIC Etiop\\u00eda\",\"description\":\"&lt;p&gt;IIC en Addis Abeba, Etiop\\u00eda, dirigido por el GM Pierre Laquerre y la Maestra Virginia Dionisi.M\\u00e1s informaci\\u00f3n pronto.&lt;\/p&gt;\\\\n\",\"image\":\"https:\/\/itftkd.sport\/es\/wp-content\/uploads\/sites\/7\/2026\/02\/Flyer-IIC-Ethiophia-2026.jpg\",\"url\":\"https:\/\/itftkd.sport\/es\/event\/iic-en-addis-abeba-etiopia\/\",\"eventAttendanceMode\":\"https:\/\/schema.org\/OfflineEventAttendanceMode\",\"eventStatus\":\"https:\/\/schema.org\/EventScheduled\",\"startDate\":\"2026-07-31T08:00:00+02:00\",\"endDate\":\"2026-08-02T17:00:00+02:00\",\"performer\":\"Organization\"}]\r\n<\/script>\n\t\t<script data-js=\"tribe-events-view-data\" type=\"application\/json\">\n\t{\"slug\":\"photo\",\"prev_url\":\"https:\\\/\\\/itftkd.sport\\\/es\\\/events\\\/foto\\\/?rest_route=%2Fwp%2Fv2%2Fpages%2F13870&shortcode=5c70bc0d&eventDisplay=past\",\"next_url\":\"https:\\\/\\\/itftkd.sport\\\/es\\\/events\\\/foto\\\/p%C3%A1gina\\\/2\\\/?shortcode=5c70bc0d\",\"view_class\":\"Tribe\\\\Events\\\\Pro\\\\Views\\\\V2\\\\Views\\\\Photo_View\",\"view_slug\":\"photo\",\"view_label\":\"Foto\",\"title\":\"Eventos en Abr 19 \\u2013 Jul 31\",\"events\":[10000504,10000507,10000489,10000503,10000499,10000508],\"url\":\"https:\\\/\\\/itftkd.sport\\\/es\\\/events\\\/foto\\\/?shortcode=5c70bc0d\",\"url_event_date\":false,\"bar\":{\"keyword\":\"\",\"date\":\"\"},\"today\":\"2026-04-30 00:00:00\",\"now\":\"2026-04-30 11:30:20\",\"home_url\":\"https:\\\/\\\/itftkd.sport\\\/es\",\"rest_url\":\"https:\\\/\\\/itftkd.sport\\\/es\\\/wp-json\\\/tribe\\\/views\\\/v2\\\/html\",\"rest_method\":\"GET\",\"rest_nonce\":\"\",\"should_manage_url\":false,\"today_url\":\"https:\\\/\\\/itftkd.sport\\\/es\\\/events\\\/foto\\\/?rest_route=%2Fwp%2Fv2%2Fpages%2F13870&shortcode=5c70bc0d\",\"today_title\":\"Haz clic para seleccionar la fecha de hoy\",\"today_label\":\"Hoy\",\"prev_label\":\"\",\"next_label\":\"\",\"date_formats\":{\"compact\":\"n\\\/j\\\/Y\",\"month_and_year_compact\":\"n\\\/Y\",\"month_and_year\":\"M Y\",\"time_range_separator\":\" - \",\"date_time_separator\":\" \"},\"messages\":[],\"start_of_week\":\"1\",\"header_title\":\"\",\"header_title_element\":\"h1\",\"content_title\":\"\",\"show_content_title\":false,\"breadcrumbs\":[],\"backlink\":false,\"before_events\":\"\",\"after_events\":\"\",\"display_events_bar\":true,\"disable_event_search\":false,\"live_refresh\":true,\"ical\":{\"display_link\":true,\"link\":{\"url\":\"https:\\\/\\\/itftkd.sport\\\/es\\\/events\\\/foto\\\/?shortcode=5c70bc0d&#038;ical=1\",\"text\":\"Exportar Eventos\",\"title\":\"Usa esto para compartir los datos del calendario con Google Calendar, Apple iCal y otras aplicaciones compatibles\"}},\"container_classes\":[\"tribe-common\",\"tribe-events\",\"tribe-events-view\",\"tribe-events-view--photo\",\"alignwide\",\"tribe-events-view--shortcode\",\"tribe-events-view--shortcode-5c70bc0d\",\"tribe-events-pro\"],\"container_data\":{\"shortcode\":\"5c70bc0d\"},\"is_past\":false,\"breakpoints\":{\"xsmall\":500,\"medium\":768,\"full\":960},\"breakpoint_pointer\":\"5c163fb4-3ac9-4af0-9a05-2a9e9266c59f\",\"is_initial_load\":false,\"public_views\":{\"list\":{\"view_class\":\"Tribe\\\\Events\\\\Views\\\\V2\\\\Views\\\\List_View\",\"view_url\":\"https:\\\/\\\/itftkd.sport\\\/es\\\/events\\\/lista\\\/?shortcode=5c70bc0d\",\"view_label\":\"Lista\",\"aria_label\":\"Mostrar Eventos en la vista Lista\"},\"month\":{\"view_class\":\"Tribe\\\\Events\\\\Views\\\\V2\\\\Views\\\\Month_View\",\"view_url\":\"https:\\\/\\\/itftkd.sport\\\/es\\\/events\\\/mes\\\/?shortcode=5c70bc0d\",\"view_label\":\"Mes\",\"aria_label\":\"Mostrar Eventos en la vista Mes\"},\"photo\":{\"view_class\":\"Tribe\\\\Events\\\\Pro\\\\Views\\\\V2\\\\Views\\\\Photo_View\",\"view_url\":\"https:\\\/\\\/itftkd.sport\\\/es\\\/events\\\/foto\\\/?shortcode=5c70bc0d\",\"view_label\":\"Foto\",\"aria_label\":\"Mostrar Eventos en la vista Foto\"},\"map\":{\"view_class\":\"Tribe\\\\Events\\\\Pro\\\\Views\\\\V2\\\\Views\\\\Map_View\",\"view_url\":\"https:\\\/\\\/itftkd.sport\\\/es\\\/events\\\/mapa\\\/?shortcode=5c70bc0d\",\"view_label\":\"Mapa\",\"aria_label\":\"Mostrar Eventos en la vista Mapa\"}},\"show_latest_past\":true,\"past\":false,\"placeholder_url\":\"https:\\\/\\\/itftkd.sport\\\/es\\\/wp-content\\\/plugins\\\/events-calendar-pro\\\/src\\\/resources\\\/images\\\/tribe-event-placeholder-image.svg\",\"show_now\":true,\"now_label\":\"Ahora\",\"now_label_mobile\":\"Ahora\",\"show_end\":true,\"selected_start_datetime\":\"2026-04-30\",\"selected_start_date_mobile\":\"4\\\/30\\\/2026\",\"selected_start_date_label\":\"Abr 30\",\"selected_end_datetime\":\"2026-07-31\",\"selected_end_date_mobile\":\"7\\\/31\\\/2026\",\"selected_end_date_label\":\"Jul 31\",\"datepicker_date\":\"4\\\/30\\\/2026\",\"subscribe_links\":{\"gcal\":{\"label\":\"Google Calendar\",\"single_label\":\"A\\u00f1adir a Google Calendar\",\"visible\":true,\"block_slug\":\"hasGoogleCalendar\"},\"ical\":{\"label\":\"iCalendar\",\"single_label\":\"Agregar a iCalendar\",\"visible\":true,\"block_slug\":\"hasiCal\"},\"outlook-365\":{\"label\":\"Outlook 365\",\"single_label\":\"Outlook 365\",\"visible\":true,\"block_slug\":\"hasOutlook365\"},\"outlook-live\":{\"label\":\"Outlook Live\",\"single_label\":\"Outlook Live\",\"visible\":true,\"block_slug\":\"hasOutlookLive\"},\"ics\":{\"label\":\"Exportar archivo .ics\",\"single_label\":\"Exportar archivo .ics\",\"visible\":true,\"block_slug\":null},\"outlook-ics\":{\"label\":\"Exportar archivo .ics de Outlook\",\"single_label\":\"Exportar archivo .ics de Outlook\",\"visible\":true,\"block_slug\":null}},\"display_recurring_toggle\":false,\"_context\":{\"slug\":\"photo\",\"should_manage_url\":false},\"text\":\"Cargando...\",\"classes\":[\"tribe-common-c-loader__dot\",\"tribe-common-c-loader__dot--third\"]}<\/script>\n\n\t\t\n\t\t\n<header  class=\"tribe-events-header tribe-events-header--has-event-search\" >\n\t<div class=\"tribe-events-header__content-title\">\n\t<h1 class=\"screen-reader-text tec-a11y-title-hidden\">Eventos<\/h1><\/div>\n\n\t\n\t\n\t\n\t<div class=\"tribe-events-c-top-bar tribe-events-header__top-bar\">\n\n\t<nav class=\"tribe-events-c-top-bar__nav tribe-common-a11y-hidden\" aria-label=\"Top eventos list pagination\">\n\t<ul class=\"tribe-events-c-top-bar__nav-list\">\n\t\t<li class=\"tribe-events-c-top-bar__nav-list-item\">\n\t<a\n\t\thref=\"https:\/\/itftkd.sport\/es\/events\/foto\/?rest_route=%2Fwp%2Fv2%2Fpages%2F13870&#038;shortcode=5c70bc0d&#038;eventDisplay=past\"\n\t\tclass=\"tribe-common-c-btn-icon tribe-common-c-btn-icon--caret-left tribe-events-c-top-bar__nav-link tribe-events-c-top-bar__nav-link--prev\"\n\t\taria-label=\"Eventos anteriores\"\n\t\ttitle=\"Eventos anteriores\"\n\t\tdata-js=\"tribe-events-view-link\"\n\t>\n\t\t<svg\n\t class=\"tribe-common-c-svgicon tribe-common-c-svgicon--caret-left tribe-common-c-btn-icon__icon-svg tribe-events-c-top-bar__nav-link-icon-svg\" \taria-hidden=\"true\"\n\tviewBox=\"0 0 10 16\"\n\txmlns=\"http:\/\/www.w3.org\/2000\/svg\"\n>\n\t<path d=\"M9.7 14.4l-1.5 1.5L.3 8 8.2.1l1.5 1.5L3.3 8l6.4 6.4z\"\/>\n<\/svg>\n\t<\/a>\n<\/li>\n\n\t\t<li class=\"tribe-events-c-top-bar__nav-list-item\">\n\t<a\n\t\thref=\"https:\/\/itftkd.sport\/es\/events\/foto\/p%C3%A1gina\/2\/?shortcode=5c70bc0d\"\n\t\tclass=\"tribe-common-c-btn-icon tribe-common-c-btn-icon--caret-right tribe-events-c-top-bar__nav-link tribe-events-c-top-bar__nav-link--next\"\n\t\taria-label=\"Eventos siguientes\"\n\t\ttitle=\"Eventos siguientes\"\n\t\tdata-js=\"tribe-events-view-link\"\n\t>\n\t\t<svg\n\t class=\"tribe-common-c-svgicon tribe-common-c-svgicon--caret-right tribe-common-c-btn-icon__icon-svg tribe-events-c-top-bar__nav-link-icon-svg\" \taria-hidden=\"true\"\n\tviewBox=\"0 0 10 16\"\n\txmlns=\"http:\/\/www.w3.org\/2000\/svg\"\n>\n\t<path d=\"M.3 1.6L1.8.1 9.7 8l-7.9 7.9-1.5-1.5L6.7 8 .3 1.6z\"\/>\n<\/svg>\n\t<\/a>\n<\/li>\n\t<\/ul>\n<\/nav>\n\n\t<a\n\thref=\"https:\/\/itftkd.sport\/es\/events\/foto\/?rest_route=%2Fwp%2Fv2%2Fpages%2F13870&#038;shortcode=5c70bc0d\"\n\tclass=\"tribe-common-c-btn-border-small tribe-events-c-top-bar__today-button tribe-common-a11y-hidden\"\n\tdata-js=\"tribe-events-view-link\"\n\taria-description=\"Haz clic para seleccionar la fecha de hoy\"\n>\n\tHoy<\/a>\n\n\t<div class=\"tribe-events-c-top-bar__datepicker\">\n\t<button\n\t\tclass=\"tribe-common-c-btn__clear tribe-common-h3 tribe-common-h--alt tribe-events-c-top-bar__datepicker-button\"\n\t\tdata-js=\"tribe-events-top-bar-datepicker-button\"\n\t\ttype=\"button\"\n\t\taria-label=\"Click para abrir\/cerrar el selector de fechas\"\n\t\ttitle=\"Click para abrir\/cerrar el selector de fechas\"\n\t>\n\t\t<time\n\t\t\tdatetime=\"2026-04-30\"\n\t\t\tclass=\"tribe-events-c-top-bar__datepicker-time\"\n\t\t>\n\t\t\t\t\t\t\t<span class=\"tribe-events-c-top-bar__datepicker-mobile\">\n\t\t\t\t\tAhora\t\t\t\t<\/span>\n\t\t\t\t<span class=\"tribe-events-c-top-bar__datepicker-desktop tribe-common-a11y-hidden\">\n\t\t\t\t\tAhora\t\t\t\t<\/span>\n\t\t\t\t\t<\/time>\n\t\t\t\t\t<span class=\"tribe-events-c-top-bar__datepicker-separator\"> - <\/span>\n\t\t\t<time\n\t\t\t\tdatetime=\"2026-07-31\"\n\t\t\t\tclass=\"tribe-events-c-top-bar__datepicker-time\"\n\t\t\t>\n\t\t\t\t<span class=\"tribe-events-c-top-bar__datepicker-mobile\">\n\t\t\t\t\t7\/31\/2026\t\t\t\t<\/span>\n\t\t\t\t<span class=\"tribe-events-c-top-bar__datepicker-desktop tribe-common-a11y-hidden\">\n\t\t\t\t\tJul 31\t\t\t\t<\/span>\n\t\t\t<\/time>\n\t\t\t\t<svg\n\t class=\"tribe-common-c-svgicon tribe-common-c-svgicon--caret-down tribe-events-c-top-bar__datepicker-button-icon-svg\" \taria-hidden=\"true\"\n\tviewBox=\"0 0 10 7\"\n\txmlns=\"http:\/\/www.w3.org\/2000\/svg\"\n>\n\t<path fill-rule=\"evenodd\" clip-rule=\"evenodd\" d=\"M1.008.609L5 4.6 8.992.61l.958.958L5 6.517.05 1.566l.958-.958z\" class=\"tribe-common-c-svgicon__svg-fill\"\/>\n<\/svg>\n\t<\/button>\n\t<label\n\t\tclass=\"tribe-events-c-top-bar__datepicker-label tribe-common-a11y-visual-hide\"\n\t\tfor=\"tribe-events-top-bar-date\"\n\t>\n\t\tSeleccionar fecha.\t<\/label>\n\t<input\n\t\ttype=\"text\"\n\t\tclass=\"tribe-events-c-top-bar__datepicker-input tribe-common-a11y-visual-hide\"\n\t\tdata-js=\"tribe-events-top-bar-date\"\n\t\tid=\"tribe-events-top-bar-date\"\n\t\tname=\"tribe-events-views[tribe-bar-date]\"\n\t\tvalue=\"4\/30\/2026\"\n\t\ttabindex=\"-1\"\n\t\tautocomplete=\"off\"\n\t\treadonly=\"readonly\"\n\t\/>\n\t<div class=\"tribe-events-c-top-bar__datepicker-container\" data-js=\"tribe-events-top-bar-datepicker-container\"><\/div>\n\t<template class=\"tribe-events-c-top-bar__datepicker-template-prev-icon\">\n\t\t<svg\n\t class=\"tribe-common-c-svgicon tribe-common-c-svgicon--caret-left tribe-events-c-top-bar__datepicker-nav-icon-svg\" \taria-hidden=\"true\"\n\tviewBox=\"0 0 10 16\"\n\txmlns=\"http:\/\/www.w3.org\/2000\/svg\"\n>\n\t<path d=\"M9.7 14.4l-1.5 1.5L.3 8 8.2.1l1.5 1.5L3.3 8l6.4 6.4z\"\/>\n<\/svg>\n\t<\/template>\n\t<template class=\"tribe-events-c-top-bar__datepicker-template-next-icon\">\n\t\t<svg\n\t class=\"tribe-common-c-svgicon tribe-common-c-svgicon--caret-right tribe-events-c-top-bar__datepicker-nav-icon-svg\" \taria-hidden=\"true\"\n\tviewBox=\"0 0 10 16\"\n\txmlns=\"http:\/\/www.w3.org\/2000\/svg\"\n>\n\t<path d=\"M.3 1.6L1.8.1 9.7 8l-7.9 7.9-1.5-1.5L6.7 8 .3 1.6z\"\/>\n<\/svg>\n\t<\/template>\n<\/div>\n\n\t\n\t<div class=\"tribe-events-c-top-bar__actions tribe-common-a11y-hidden\">\n\t<\/div>\n\n<\/div>\n<\/header>\n\n\t\t\n\t\t<div class=\"tribe-events-pro-photo\">\n\t\t\t<h2\n\t\t\t\tid=\"tribe-events-photo-view-heading\"\n\t\t\t\tclass=\"tribe-common-a11y-visual-hide\"\n\t\t\t>\n\t\t\t\tList of events in Photo View\t\t\t<\/h2>\n\t\t\t<ul class=\"tribe-common-g-row tribe-common-g-row--gutters\" aria-labelledby=\"tribe-events-photo-view-heading\">\n\n\t\t\t\t\t\t\t\t\t\n\t\t\t\t\t<li  class=\"tribe-common-g-col tribe-events-pro-photo__event post-10000504 tribe_events type-tribe_events status-publish has-post-thumbnail tribe_events_cat-international-do-course cat_international-do-course entry\" >\n\t<article>\n\t\t<div class=\"tribe-events-pro-photo__event-featured-image-wrapper\">\n\t<a\n\t\thref=\"https:\/\/itftkd.sport\/es\/event\/curso-internacional-del-do-idc-en-linea-abril-2026\/\"\n\t\trel=\"bookmark\"\n\t\tclass=\"tribe-events-pro-photo__event-featured-image-link\"\n\t>\n\t\t<span class=\"tribe-events-pro-photo__event-featured-image-link-inner tribe-common-a11y-hidden\">Curso Internacional del Do (IDC) en l\u00ednea &#8211; Abril 2026<\/span>\n\t\t<img\n\t\t\tclass=\"tribe-events-pro-photo__event-featured-image\"\n\t\t\tsrc=\"https:\/\/itftkd.sport\/es\/wp-content\/uploads\/sites\/7\/2025\/12\/Featured-Do-Course-800x600-2026.jpg\"\n\t\t\trole=\"presentation\"\n\t\t\t\t\t\t\tsrcset=\"https:\/\/itftkd.sport\/es\/wp-content\/uploads\/sites\/7\/2025\/12\/Featured-Do-Course-800x600-2026-300x225.jpg 300w, https:\/\/itftkd.sport\/es\/wp-content\/uploads\/sites\/7\/2025\/12\/Featured-Do-Course-800x600-2026-260x195.jpg 260w\"\n\t\t\t\t\t\t\t\t\t\talt=\"\"\n\t\t\t\t\t\t\t\t\t\ttitle=\"Featured-Do-Course-800&#215;600-2026\"\n\t\t\t\t\t\t\t\t\t\twidth=\"800\"\n\t\t\t\t\t\t\t\t\t\theight=\"600\"\n\t\t\t\t\t\/>\n\t<\/a>\n<\/div>\n\n\t\t<div class=\"tribe-events-pro-photo__event-details-wrapper\">\n\t\t\t<div class=\"tribe-events-pro-photo__event-date-tag tribe-common-g-col\">\n\t<time class=\"tribe-events-pro-photo__event-date-tag-datetime\" datetime=\"2026-04-30\">\n\t\t<span class=\"tribe-events-pro-photo__event-date-tag-month\">\n\t\t\tAbr\t\t<\/span>\n\t\t<span class=\"tribe-events-pro-photo__event-date-tag-daynum tribe-common-h5 tribe-common-h4--min-medium\">\n\t\t\t30\t\t<\/span>\n\t<\/time>\n<\/div>\n\t\t\t<div class=\"tribe-events-pro-photo__event-details\">\n\t\t\t\t<h3 class=\"tribe-events-pro-photo__event-title tribe-common-h6\">\n\t<a\n\t\thref=\"https:\/\/itftkd.sport\/es\/event\/curso-internacional-del-do-idc-en-linea-abril-2026\/\"\n\t\ttitle=\"Curso Internacional del Do (IDC) en l\u00ednea &#8211; Abril 2026\"\n\t\trel=\"bookmark\"\n\t\tclass=\"tribe-events-pro-photo__event-title-link tribe-common-anchor-thin\"\n\t>\n\t\tCurso Internacional del Do (IDC) en l\u00ednea &#8211; Abril 2026\t<\/a>\n<\/h3>\n\t\t\t\t<div class=\"tribe-events-pro-photo__event-datetime tribe-common-b2\">\n\t\t\t\t<span class=\"tribe-event-date-start\">Abr 19 1:00 pm<\/span> - <span class=\"tribe-event-date-end\">May 3 8:00 pm<\/span>\t\t<\/div>\n\t\t\t\t\t\t\t\t\t\t\t<\/div>\n\t\t<\/div>\n\t<\/article>\n<\/li>\n\n\t\t\t\t\t\t\t\t\t\n\t\t\t\t\t<li  class=\"tribe-common-g-col tribe-events-pro-photo__event post-10000507 tribe_events type-tribe_events status-publish has-post-thumbnail tribe_events_cat-international-umpire-course cat_international-umpire-course entry\" >\n\t<article>\n\t\t<div class=\"tribe-events-pro-photo__event-featured-image-wrapper\">\n\t<a\n\t\thref=\"https:\/\/itftkd.sport\/es\/event\/iuc-ciudad-de-guatemala\/\"\n\t\trel=\"bookmark\"\n\t\tclass=\"tribe-events-pro-photo__event-featured-image-link\"\n\t>\n\t\t<span class=\"tribe-events-pro-photo__event-featured-image-link-inner tribe-common-a11y-hidden\">IUC ciudad de Guatemala<\/span>\n\t\t<img\n\t\t\tclass=\"tribe-events-pro-photo__event-featured-image\"\n\t\t\tsrc=\"https:\/\/itftkd.sport\/es\/wp-content\/uploads\/sites\/7\/2026\/02\/IUC-2026-800X600-01.jpg\"\n\t\t\trole=\"presentation\"\n\t\t\t\t\t\t\tsrcset=\"https:\/\/itftkd.sport\/es\/wp-content\/uploads\/sites\/7\/2026\/02\/IUC-2026-800X600-01-300x225.jpg 300w, https:\/\/itftkd.sport\/es\/wp-content\/uploads\/sites\/7\/2026\/02\/IUC-2026-800X600-01-260x195.jpg 260w\"\n\t\t\t\t\t\t\t\t\t\talt=\"Featured Image IUC 2026\"\n\t\t\t\t\t\t\t\t\t\ttitle=\"Featured Image IUC 2026\"\n\t\t\t\t\t\t\t\t\t\twidth=\"1667\"\n\t\t\t\t\t\t\t\t\t\theight=\"1250\"\n\t\t\t\t\t\/>\n\t<\/a>\n<\/div>\n\n\t\t<div class=\"tribe-events-pro-photo__event-details-wrapper\">\n\t\t\t<div class=\"tribe-events-pro-photo__event-date-tag tribe-common-g-col\">\n\t<time class=\"tribe-events-pro-photo__event-date-tag-datetime\" datetime=\"2026-05-24\">\n\t\t<span class=\"tribe-events-pro-photo__event-date-tag-month\">\n\t\t\tMay\t\t<\/span>\n\t\t<span class=\"tribe-events-pro-photo__event-date-tag-daynum tribe-common-h5 tribe-common-h4--min-medium\">\n\t\t\t24\t\t<\/span>\n\t<\/time>\n<\/div>\n\t\t\t<div class=\"tribe-events-pro-photo__event-details\">\n\t\t\t\t<h3 class=\"tribe-events-pro-photo__event-title tribe-common-h6\">\n\t<a\n\t\thref=\"https:\/\/itftkd.sport\/es\/event\/iuc-ciudad-de-guatemala\/\"\n\t\ttitle=\"IUC ciudad de Guatemala\"\n\t\trel=\"bookmark\"\n\t\tclass=\"tribe-events-pro-photo__event-title-link tribe-common-anchor-thin\"\n\t>\n\t\tIUC ciudad de Guatemala\t<\/a>\n<\/h3>\n\t\t\t\t<div class=\"tribe-events-pro-photo__event-datetime tribe-common-b2\">\n\t\t\t\t<span class=\"tribe-event-date-start\">May 24 8:00 am<\/span> - <span class=\"tribe-event-date-end\">May 27 5:00 pm<\/span>\t\t<\/div>\n\t\t\t\t\t\t\t\t\t\t\t<\/div>\n\t\t<\/div>\n\t<\/article>\n<\/li>\n\n\t\t\t\t\t\t\t\t\t\n\t\t\t\t\t<li  class=\"tribe-common-g-col tribe-events-pro-photo__event post-10000489 tribe_events type-tribe_events status-publish has-post-thumbnail tribe_events_cat-international-umpire-course cat_international-umpire-course entry\" >\n\t<article>\n\t\t<div class=\"tribe-events-pro-photo__event-featured-image-wrapper\">\n\t<a\n\t\thref=\"https:\/\/itftkd.sport\/es\/event\/2026-quic-canada\/\"\n\t\trel=\"bookmark\"\n\t\tclass=\"tribe-events-pro-photo__event-featured-image-link\"\n\t>\n\t\t<span class=\"tribe-events-pro-photo__event-featured-image-link-inner tribe-common-a11y-hidden\">2026 QUIC CANADA<\/span>\n\t\t<img\n\t\t\tclass=\"tribe-events-pro-photo__event-featured-image\"\n\t\t\tsrc=\"https:\/\/itftkd.sport\/es\/wp-content\/uploads\/sites\/7\/2025\/10\/Featured-IUC-Canada-2026.jpg\"\n\t\t\trole=\"presentation\"\n\t\t\t\t\t\t\tsrcset=\"https:\/\/itftkd.sport\/es\/wp-content\/uploads\/sites\/7\/2025\/10\/Featured-IUC-Canada-2026-300x225.jpg 300w, https:\/\/itftkd.sport\/es\/wp-content\/uploads\/sites\/7\/2025\/10\/Featured-IUC-Canada-2026-260x195.jpg 260w\"\n\t\t\t\t\t\t\t\t\t\talt=\"\"\n\t\t\t\t\t\t\t\t\t\ttitle=\"Featured-IUC-Canada-2026\"\n\t\t\t\t\t\t\t\t\t\twidth=\"800\"\n\t\t\t\t\t\t\t\t\t\theight=\"600\"\n\t\t\t\t\t\/>\n\t<\/a>\n<\/div>\n\n\t\t<div class=\"tribe-events-pro-photo__event-details-wrapper\">\n\t\t\t<div class=\"tribe-events-pro-photo__event-date-tag tribe-common-g-col\">\n\t<time class=\"tribe-events-pro-photo__event-date-tag-datetime\" datetime=\"2026-06-06\">\n\t\t<span class=\"tribe-events-pro-photo__event-date-tag-month\">\n\t\t\tJun\t\t<\/span>\n\t\t<span class=\"tribe-events-pro-photo__event-date-tag-daynum tribe-common-h5 tribe-common-h4--min-medium\">\n\t\t\t6\t\t<\/span>\n\t<\/time>\n<\/div>\n\t\t\t<div class=\"tribe-events-pro-photo__event-details\">\n\t\t\t\t<h3 class=\"tribe-events-pro-photo__event-title tribe-common-h6\">\n\t<a\n\t\thref=\"https:\/\/itftkd.sport\/es\/event\/2026-quic-canada\/\"\n\t\ttitle=\"2026 QUIC CANADA\"\n\t\trel=\"bookmark\"\n\t\tclass=\"tribe-events-pro-photo__event-title-link tribe-common-anchor-thin\"\n\t>\n\t\t2026 QUIC CANADA\t<\/a>\n<\/h3>\n\t\t\t\t<div class=\"tribe-events-pro-photo__event-datetime tribe-common-b2\">\n\t\t\t\t<span class=\"tribe-event-date-start\">Jun 6<\/span> - <span class=\"tribe-event-date-end\">Jun 7<\/span>\t\t<\/div>\n\t\t\t\t\t\t\t\t\t\t\t<\/div>\n\t\t<\/div>\n\t<\/article>\n<\/li>\n\n\t\t\t\t\t\t\t\t\t\n\t\t\t\t\t<li  class=\"tribe-common-g-col tribe-events-pro-photo__event post-10000503 tribe_events type-tribe_events status-publish has-post-thumbnail tribe_events_cat-international-umpire-course cat_international-umpire-course entry\" >\n\t<article>\n\t\t<div class=\"tribe-events-pro-photo__event-featured-image-wrapper\">\n\t<a\n\t\thref=\"https:\/\/itftkd.sport\/es\/event\/iuc53-lima-peru\/\"\n\t\trel=\"bookmark\"\n\t\tclass=\"tribe-events-pro-photo__event-featured-image-link\"\n\t>\n\t\t<span class=\"tribe-events-pro-photo__event-featured-image-link-inner tribe-common-a11y-hidden\">IUC53 Lima, Peru<\/span>\n\t\t<img\n\t\t\tclass=\"tribe-events-pro-photo__event-featured-image\"\n\t\t\tsrc=\"https:\/\/itftkd.sport\/es\/wp-content\/uploads\/sites\/7\/2026\/01\/20260621_IUC_Peru_feature.jpg\"\n\t\t\trole=\"presentation\"\n\t\t\t\t\t\t\tsrcset=\"https:\/\/itftkd.sport\/es\/wp-content\/uploads\/sites\/7\/2026\/01\/20260621_IUC_Peru_feature-300x225.jpg 300w, https:\/\/itftkd.sport\/es\/wp-content\/uploads\/sites\/7\/2026\/01\/20260621_IUC_Peru_feature-260x195.jpg 260w\"\n\t\t\t\t\t\t\t\t\t\talt=\"\"\n\t\t\t\t\t\t\t\t\t\ttitle=\"20260621_IUC_Peru_feature\"\n\t\t\t\t\t\t\t\t\t\twidth=\"801\"\n\t\t\t\t\t\t\t\t\t\theight=\"600\"\n\t\t\t\t\t\/>\n\t<\/a>\n<\/div>\n\n\t\t<div class=\"tribe-events-pro-photo__event-details-wrapper\">\n\t\t\t<div class=\"tribe-events-pro-photo__event-date-tag tribe-common-g-col\">\n\t<time class=\"tribe-events-pro-photo__event-date-tag-datetime\" datetime=\"2026-06-21\">\n\t\t<span class=\"tribe-events-pro-photo__event-date-tag-month\">\n\t\t\tJun\t\t<\/span>\n\t\t<span class=\"tribe-events-pro-photo__event-date-tag-daynum tribe-common-h5 tribe-common-h4--min-medium\">\n\t\t\t21\t\t<\/span>\n\t<\/time>\n<\/div>\n\t\t\t<div class=\"tribe-events-pro-photo__event-details\">\n\t\t\t\t<h3 class=\"tribe-events-pro-photo__event-title tribe-common-h6\">\n\t<a\n\t\thref=\"https:\/\/itftkd.sport\/es\/event\/iuc53-lima-peru\/\"\n\t\ttitle=\"IUC53 Lima, Peru\"\n\t\trel=\"bookmark\"\n\t\tclass=\"tribe-events-pro-photo__event-title-link tribe-common-anchor-thin\"\n\t>\n\t\tIUC53 Lima, Peru\t<\/a>\n<\/h3>\n\t\t\t\t<div class=\"tribe-events-pro-photo__event-datetime tribe-common-b2\">\n\t\t\t\t<span class=\"tribe-event-date-start\">Jun 21<\/span> - <span class=\"tribe-event-date-end\">Jun 22<\/span>\t\t<\/div>\n\t\t\t\t\t\t\t\t\t\t\t<\/div>\n\t\t<\/div>\n\t<\/article>\n<\/li>\n\n\t\t\t\t\t\t\t\t\t\n\t\t\t\t\t<li  class=\"tribe-common-g-col tribe-events-pro-photo__event post-10000499 tribe_events type-tribe_events status-publish has-post-thumbnail tribe_events_cat-campeonato-continental tribe_events_cat-campeonatos cat_campeonato-continental cat_campeonatos entry\" >\n\t<article>\n\t\t<div class=\"tribe-events-pro-photo__event-featured-image-wrapper\">\n\t<a\n\t\thref=\"https:\/\/itftkd.sport\/es\/event\/campeonato-sudamericano-2026\/\"\n\t\trel=\"bookmark\"\n\t\tclass=\"tribe-events-pro-photo__event-featured-image-link\"\n\t>\n\t\t<span class=\"tribe-events-pro-photo__event-featured-image-link-inner tribe-common-a11y-hidden\">Campeonato Sudamericano 2026<\/span>\n\t\t<img\n\t\t\tclass=\"tribe-events-pro-photo__event-featured-image\"\n\t\t\tsrc=\"https:\/\/itftkd.sport\/es\/wp-content\/uploads\/sites\/7\/2025\/12\/20260622_CampeonatoSudamericano_feature.jpg\"\n\t\t\trole=\"presentation\"\n\t\t\t\t\t\t\tsrcset=\"https:\/\/itftkd.sport\/es\/wp-content\/uploads\/sites\/7\/2025\/12\/20260622_CampeonatoSudamericano_feature-300x225.jpg 300w, https:\/\/itftkd.sport\/es\/wp-content\/uploads\/sites\/7\/2025\/12\/20260622_CampeonatoSudamericano_feature-260x195.jpg 260w\"\n\t\t\t\t\t\t\t\t\t\talt=\"\"\n\t\t\t\t\t\t\t\t\t\ttitle=\"20260622_CampeonatoSudamericano_feature\"\n\t\t\t\t\t\t\t\t\t\twidth=\"800\"\n\t\t\t\t\t\t\t\t\t\theight=\"600\"\n\t\t\t\t\t\/>\n\t<\/a>\n<\/div>\n\n\t\t<div class=\"tribe-events-pro-photo__event-details-wrapper\">\n\t\t\t<div class=\"tribe-events-pro-photo__event-date-tag tribe-common-g-col\">\n\t<time class=\"tribe-events-pro-photo__event-date-tag-datetime\" datetime=\"2026-06-22\">\n\t\t<span class=\"tribe-events-pro-photo__event-date-tag-month\">\n\t\t\tJun\t\t<\/span>\n\t\t<span class=\"tribe-events-pro-photo__event-date-tag-daynum tribe-common-h5 tribe-common-h4--min-medium\">\n\t\t\t22\t\t<\/span>\n\t<\/time>\n<\/div>\n\t\t\t<div class=\"tribe-events-pro-photo__event-details\">\n\t\t\t\t<h3 class=\"tribe-events-pro-photo__event-title tribe-common-h6\">\n\t<a\n\t\thref=\"https:\/\/itftkd.sport\/es\/event\/campeonato-sudamericano-2026\/\"\n\t\ttitle=\"Campeonato Sudamericano 2026\"\n\t\trel=\"bookmark\"\n\t\tclass=\"tribe-events-pro-photo__event-title-link tribe-common-anchor-thin\"\n\t>\n\t\tCampeonato Sudamericano 2026\t<\/a>\n<\/h3>\n\t\t\t\t<div class=\"tribe-events-pro-photo__event-datetime tribe-common-b2\">\n\t\t\t\t<span class=\"tribe-event-date-start\">Jun 22 12:00 am<\/span> - <span class=\"tribe-event-date-end\">Jun 27 11:59 pm<\/span>\t\t<\/div>\n\t\t\t\t\t\t\t\t\t\t\t<\/div>\n\t\t<\/div>\n\t<\/article>\n<\/li>\n\n\t\t\t\t\t\t\t\t\t\n\t\t\t\t\t<li  class=\"tribe-common-g-col tribe-events-pro-photo__event post-10000508 tribe_events type-tribe_events status-publish has-post-thumbnail tribe_events_cat-international-instructor-course cat_international-instructor-course entry\" >\n\t<article>\n\t\t<div class=\"tribe-events-pro-photo__event-featured-image-wrapper\">\n\t<a\n\t\thref=\"https:\/\/itftkd.sport\/es\/event\/iic-en-addis-abeba-etiopia\/\"\n\t\trel=\"bookmark\"\n\t\tclass=\"tribe-events-pro-photo__event-featured-image-link\"\n\t>\n\t\t<span class=\"tribe-events-pro-photo__event-featured-image-link-inner tribe-common-a11y-hidden\">IIC Etiop\u00eda<\/span>\n\t\t<img\n\t\t\tclass=\"tribe-events-pro-photo__event-featured-image\"\n\t\t\tsrc=\"https:\/\/itftkd.sport\/es\/wp-content\/uploads\/sites\/7\/2026\/02\/Flyer-IIC-Ethiophia-2026.jpg\"\n\t\t\trole=\"presentation\"\n\t\t\t\t\t\t\t\t\t\talt=\"Flyer-IIC-Ethiopia-2026\"\n\t\t\t\t\t\t\t\t\t\ttitle=\"Flyer-IIC-Ethiopia-2026\"\n\t\t\t\t\t\t\t\t\t\twidth=\"717\"\n\t\t\t\t\t\t\t\t\t\theight=\"822\"\n\t\t\t\t\t\/>\n\t<\/a>\n<\/div>\n\n\t\t<div class=\"tribe-events-pro-photo__event-details-wrapper\">\n\t\t\t<div class=\"tribe-events-pro-photo__event-date-tag tribe-common-g-col\">\n\t<time class=\"tribe-events-pro-photo__event-date-tag-datetime\" datetime=\"2026-07-31\">\n\t\t<span class=\"tribe-events-pro-photo__event-date-tag-month\">\n\t\t\tJul\t\t<\/span>\n\t\t<span class=\"tribe-events-pro-photo__event-date-tag-daynum tribe-common-h5 tribe-common-h4--min-medium\">\n\t\t\t31\t\t<\/span>\n\t<\/time>\n<\/div>\n\t\t\t<div class=\"tribe-events-pro-photo__event-details\">\n\t\t\t\t<h3 class=\"tribe-events-pro-photo__event-title tribe-common-h6\">\n\t<a\n\t\thref=\"https:\/\/itftkd.sport\/es\/event\/iic-en-addis-abeba-etiopia\/\"\n\t\ttitle=\"IIC Etiop\u00eda\"\n\t\trel=\"bookmark\"\n\t\tclass=\"tribe-events-pro-photo__event-title-link tribe-common-anchor-thin\"\n\t>\n\t\tIIC Etiop\u00eda\t<\/a>\n<\/h3>\n\t\t\t\t<div class=\"tribe-events-pro-photo__event-datetime tribe-common-b2\">\n\t\t\t\t<span class=\"tribe-event-date-start\">Jul 31 8:00 am<\/span> - <span class=\"tribe-event-date-end\">Ago 2 5:00 pm<\/span>\t\t<\/div>\n\t\t\t\t\t\t\t\t\t\t\t<\/div>\n\t\t<\/div>\n\t<\/article>\n<\/li>\n\n\t\t\t\t\n\t\t\t<\/ul>\n\n\t\t<\/div>\n\n\t\t<nav class=\"tribe-events-pro-photo-nav tribe-events-c-nav\" aria-label=\"Bottom eventos list pagination\">\n\t<ul class=\"tribe-events-c-nav__list\">\n\t\t<li class=\"tribe-events-c-nav__list-item tribe-events-c-nav__list-item--prev\">\n\t<a\n\t\thref=\"https:\/\/itftkd.sport\/es\/events\/foto\/?rest_route=%2Fwp%2Fv2%2Fpages%2F13870&#038;shortcode=5c70bc0d&#038;eventDisplay=past\"\n\t\trel=\"prev\"\n\t\tclass=\"tribe-events-c-nav__prev tribe-common-b2 tribe-common-b1--min-medium\"\n\t\tdata-js=\"tribe-events-view-link\"\n\t\taria-label=\"Eventos anteriores\"\n\t\ttitle=\"Eventos anteriores\"\n\t>\n\t\t<svg\n\t class=\"tribe-common-c-svgicon tribe-common-c-svgicon--caret-left tribe-events-c-nav__prev-icon-svg\" \taria-hidden=\"true\"\n\tviewBox=\"0 0 10 16\"\n\txmlns=\"http:\/\/www.w3.org\/2000\/svg\"\n>\n\t<path d=\"M9.7 14.4l-1.5 1.5L.3 8 8.2.1l1.5 1.5L3.3 8l6.4 6.4z\"\/>\n<\/svg>\n\t\t<span class=\"tribe-events-c-nav__prev-label\">\n\t\t\t<span class=\"tribe-events-c-nav__prev-label-plural tribe-common-a11y-visual-hide\">Eventos<\/span> anteriores\t\t<\/span>\n\t<\/a>\n<\/li>\n\n\t\t<li class=\"tribe-events-c-nav__list-item tribe-events-c-nav__list-item--today\">\n\t<a\n\t\thref=\"https:\/\/itftkd.sport\/es\/events\/foto\/?rest_route=%2Fwp%2Fv2%2Fpages%2F13870&#038;shortcode=5c70bc0d\"\n\t\tclass=\"tribe-events-c-nav__today tribe-common-b2\"\n\t\tdata-js=\"tribe-events-view-link\"\n\t\taria-label=\"Haz clic para seleccionar la fecha de hoy\"\n\t\ttitle=\"Haz clic para seleccionar la fecha de hoy\"\n\t>\n\t\tHoy\t<\/a>\n<\/li>\n\n\t\t<li class=\"tribe-events-c-nav__list-item tribe-events-c-nav__list-item--next\">\n\t<a\n\t\thref=\"https:\/\/itftkd.sport\/es\/events\/foto\/p%C3%A1gina\/2\/?shortcode=5c70bc0d\"\n\t\trel=\"next\"\n\t\tclass=\"tribe-events-c-nav__next tribe-common-b2 tribe-common-b1--min-medium\"\n\t\tdata-js=\"tribe-events-view-link\"\n\t\taria-label=\"Eventos siguientes\"\n\t\ttitle=\"Eventos siguientes\"\n\t>\n\t\t<span class=\"tribe-events-c-nav__next-label\">\n\t\t\t<span class=\"tribe-events-c-nav__next-label-plural tribe-common-a11y-visual-hide\">Eventos<\/span> siguientes\t\t<\/span>\n\t\t<svg\n\t class=\"tribe-common-c-svgicon tribe-common-c-svgicon--caret-right tribe-events-c-nav__next-icon-svg\" \taria-hidden=\"true\"\n\tviewBox=\"0 0 10 16\"\n\txmlns=\"http:\/\/www.w3.org\/2000\/svg\"\n>\n\t<path d=\"M.3 1.6L1.8.1 9.7 8l-7.9 7.9-1.5-1.5L6.7 8 .3 1.6z\"\/>\n<\/svg>\n\t<\/a>\n<\/li>\n\t<\/ul>\n<\/nav>\n\n\t\t<div class=\"tribe-events-c-subscribe-dropdown__container\">\n\t<div class=\"tribe-events-c-subscribe-dropdown\">\n\t\t<div class=\"tribe-common-c-btn-border tribe-events-c-subscribe-dropdown__button\">\n\t\t\t<button\n\t\t\t\tclass=\"tribe-events-c-subscribe-dropdown__button-text tribe-common-c-btn--clear\"\n\t\t\t\taria-expanded=\"false\"\n\t\t\t\taria-controls=\"tribe-events-subscribe-dropdown-content\"\n\t\t\t\taria-label=\"\"\n\t\t\t>\n\t\t\t\tSuscribirse al calendario\t\t\t<\/button>\n\t\t\t<svg\n\t class=\"tribe-common-c-svgicon tribe-common-c-svgicon--caret-down tribe-events-c-subscribe-dropdown__button-icon\" \taria-hidden=\"true\"\n\tviewBox=\"0 0 10 7\"\n\txmlns=\"http:\/\/www.w3.org\/2000\/svg\"\n>\n\t<path fill-rule=\"evenodd\" clip-rule=\"evenodd\" d=\"M1.008.609L5 4.6 8.992.61l.958.958L5 6.517.05 1.566l.958-.958z\" class=\"tribe-common-c-svgicon__svg-fill\"\/>\n<\/svg>\n\t\t<\/div>\n\t\t<div id=\"tribe-events-c-subscribe-dropdown-content\" class=\"tribe-events-c-subscribe-dropdown__content\">\n\t\t\t<ul class=\"tribe-events-c-subscribe-dropdown__list\">\n\t\t\t\t\t\t\t\t\t\n<li class=\"tribe-events-c-subscribe-dropdown__list-item tribe-events-c-subscribe-dropdown__list-item--gcal\">\n\t<a\n\t\thref=\"https:\/\/www.google.com\/calendar\/render?cid=webcal%3A%2F%2Fitftkd.sport%2Fes%2F%3Fpost_type%3Dtribe_events%26ical%3D1%26eventDisplay%3Dlist\"\n\t\tclass=\"tribe-events-c-subscribe-dropdown__list-item-link\"\n\t\ttarget=\"_blank\"\n\t\trel=\"noopener noreferrer nofollow noindex\"\n\t>\n\t\tGoogle Calendar\t<\/a>\n<\/li>\n\t\t\t\t\t\t\t\t\t\n<li class=\"tribe-events-c-subscribe-dropdown__list-item tribe-events-c-subscribe-dropdown__list-item--ical\">\n\t<a\n\t\thref=\"webcal:\/\/itftkd.sport\/es\/?post_type=tribe_events&#038;ical=1&#038;eventDisplay=list\"\n\t\tclass=\"tribe-events-c-subscribe-dropdown__list-item-link\"\n\t\ttarget=\"_blank\"\n\t\trel=\"noopener noreferrer nofollow noindex\"\n\t>\n\t\tiCalendar\t<\/a>\n<\/li>\n\t\t\t\t\t\t\t\t\t\n<li class=\"tribe-events-c-subscribe-dropdown__list-item tribe-events-c-subscribe-dropdown__list-item--outlook-365\">\n\t<a\n\t\thref=\"https:\/\/outlook.office.com\/owa?path=\/calendar\/action\/compose&#038;rru=addsubscription&#038;url=webcal%3A%2F%2Fitftkd.sport%2Fes%2F%3Fpost_type%3Dtribe_events%26ical%3D1%26eventDisplay%3Dlist&#038;name=ITF+Federaci\u00f3n+Internacional+de+Taekwon-Do+Pr\u00f3ximos+Eventos\"\n\t\tclass=\"tribe-events-c-subscribe-dropdown__list-item-link\"\n\t\ttarget=\"_blank\"\n\t\trel=\"noopener noreferrer nofollow noindex\"\n\t>\n\t\tOutlook 365\t<\/a>\n<\/li>\n\t\t\t\t\t\t\t\t\t\n<li class=\"tribe-events-c-subscribe-dropdown__list-item tribe-events-c-subscribe-dropdown__list-item--outlook-live\">\n\t<a\n\t\thref=\"https:\/\/outlook.live.com\/owa?path=\/calendar\/action\/compose&#038;rru=addsubscription&#038;url=webcal%3A%2F%2Fitftkd.sport%2Fes%2F%3Fpost_type%3Dtribe_events%26ical%3D1%26eventDisplay%3Dlist&#038;name=ITF+Federaci\u00f3n+Internacional+de+Taekwon-Do+Pr\u00f3ximos+Eventos\"\n\t\tclass=\"tribe-events-c-subscribe-dropdown__list-item-link\"\n\t\ttarget=\"_blank\"\n\t\trel=\"noopener noreferrer nofollow noindex\"\n\t>\n\t\tOutlook Live\t<\/a>\n<\/li>\n\t\t\t\t\t\t\t\t\t\n<li class=\"tribe-events-c-subscribe-dropdown__list-item tribe-events-c-subscribe-dropdown__list-item--ics\">\n\t<a\n\t\thref=\"https:\/\/itftkd.sport\/es\/events\/foto\/?shortcode=5c70bc0d&#038;ical=1\"\n\t\tclass=\"tribe-events-c-subscribe-dropdown__list-item-link\"\n\t\ttarget=\"_blank\"\n\t\trel=\"noopener noreferrer nofollow noindex\"\n\t>\n\t\tExportar archivo .ics\t<\/a>\n<\/li>\n\t\t\t\t\t\t\t\t\t\n<li class=\"tribe-events-c-subscribe-dropdown__list-item tribe-events-c-subscribe-dropdown__list-item--outlook-ics\">\n\t<a\n\t\thref=\"https:\/\/itftkd.sport\/es\/events\/foto\/?shortcode=5c70bc0d&#038;outlook-ical=1#038;ical=1\"\n\t\tclass=\"tribe-events-c-subscribe-dropdown__list-item-link\"\n\t\ttarget=\"_blank\"\n\t\trel=\"noopener noreferrer nofollow noindex\"\n\t>\n\t\tExportar archivo .ics de Outlook\t<\/a>\n<\/li>\n\t\t\t\t\t\t\t<\/ul>\n\t\t<\/div>\n\t<\/div>\n<\/div>\n\n\t\t\t<\/section>\n<\/div>\n\n<script data-js='tribe-events-view-nonce-data' type='application\/json'>{\"tvn1\":\"39dea64316\",\"tvn2\":\"\"}<\/script><\/div>\n","protected":false},"excerpt":{"rendered":"<p>RECIBA LAS PRINCIPALES NOTICIAS EN SU EMAIL Sal\u00f3n de la Fama \u00danete a la ITF Centro de informaci\u00f3n sobre acoso Noticias Destacadas Eventos<\/p>\n","protected":false},"author":10,"featured_media":0,"parent":0,"menu_order":0,"comment_status":"closed","ping_status":"closed","template":"","meta":{"_tec_requires_first_save":false,"_uag_custom_page_level_css":"","_genesis_hide_title":true,"_genesis_hide_breadcrumbs":false,"_genesis_hide_singular_image":false,"_genesis_hide_footer_widgets":false,"_genesis_custom_body_class":"","_genesis_custom_post_class":"","_genesis_layout":"full-width-content","_EventAllDay":false,"_EventTimezone":"","_EventStartDate":"","_EventEndDate":"","_EventStartDateUTC":"","_EventEndDateUTC":"","_EventShowMap":false,"_EventShowMapLink":false,"_EventURL":"","_EventCost":"","_EventCostDescription":"","_EventCurrencySymbol":"","_EventCurrencyCode":"","_EventCurrencyPosition":"","_EventDateTimeSeparator":"","_EventTimeRangeSeparator":"","_EventOrganizerID":[],"_EventVenueID":[0],"_OrganizerEmail":"","_OrganizerPhone":"","_OrganizerWebsite":"","_VenueAddress":"","_VenueCity":"","_VenueCountry":"","_VenueProvince":"","_VenueState":"","_VenueZip":"","_VenuePhone":"","_VenueURL":"","_VenueStateProvince":"","_VenueLat":"","_VenueLng":"","_VenueShowMap":false,"_VenueShowMapLink":false,"_tribe_blocks_recurrence_rules":"","_tribe_blocks_recurrence_description":"","_tribe_blocks_recurrence_exclusions":"","editor_notices":[],"footnotes":""},"class_list":["post-13870","page","type-page","status-publish","cat_international-instructor-course","entry","has-post-thumbnail"],"featured_image_src":null,"featured_image_src_square":null,"uagb_featured_image_src":{"full":false,"thumbnail":false,"medium":false,"medium_large":false,"large":false,"1536x1536":false,"2048x2048":false,"banner":false,"section":false,"full-width":false,"featured":false,"one-half":false,"one-third":false,"one-fourth":false,"tiny":false,"ab-block-post-grid-landscape":false,"ab-block-post-grid-square":false,"gform-image-choice-sm":false,"gform-image-choice-md":false,"gform-image-choice-lg":false},"uagb_author_info":{"display_name":"ivan","author_link":"https:\/\/itftkd.sport\/es\/author\/ivan\/"},"uagb_comment_info":0,"uagb_excerpt":"RECIBA LAS PRINCIPALES NOTICIAS EN SU EMAIL Sal\u00f3n de la Fama \u00danete a la ITF Centro de informaci\u00f3n sobre acoso Noticias Destacadas Eventos","_links":{"self":[{"href":"https:\/\/itftkd.sport\/es\/wp-json\/wp\/v2\/pages\/13870","targetHints":{"allow":["GET"]}}],"collection":[{"href":"https:\/\/itftkd.sport\/es\/wp-json\/wp\/v2\/pages"}],"about":[{"href":"https:\/\/itftkd.sport\/es\/wp-json\/wp\/v2\/types\/page"}],"author":[{"embeddable":true,"href":"https:\/\/itftkd.sport\/es\/wp-json\/wp\/v2\/users\/10"}],"replies":[{"embeddable":true,"href":"https:\/\/itftkd.sport\/es\/wp-json\/wp\/v2\/comments?post=13870"}],"version-history":[{"count":6,"href":"https:\/\/itftkd.sport\/es\/wp-json\/wp\/v2\/pages\/13870\/revisions"}],"predecessor-version":[{"id":37494,"href":"https:\/\/itftkd.sport\/es\/wp-json\/wp\/v2\/pages\/13870\/revisions\/37494"}],"wp:attachment":[{"href":"https:\/\/itftkd.sport\/es\/wp-json\/wp\/v2\/media?parent=13870"}],"curies":[{"name":"wp","href":"https:\/\/api.w.org\/{rel}","templated":true}]}}